{"id":14869,"date":"2014-05-20T07:51:11","date_gmt":"2014-05-20T07:51:11","guid":{"rendered":"http:\/\/demo.qodeinteractive.com\/bridge12\/?page_id=14869"},"modified":"2026-01-30T16:12:04","modified_gmt":"2026-01-30T15:12:04","slug":"domov-2-2-2-2-2-2-2-2","status":"publish","type":"page","link":"http:\/\/www.drustvo-distrofikov.si\/","title":{"rendered":"Domov"},"content":{"rendered":"<div class=\"wpb-content-wrapper\"><p>[vc_row css_animation=&#8221;&#8221; row_type=&#8221;row&#8221; use_row_as_full_screen_section=&#8221;no&#8221; type=&#8221;full_width&#8221; angled_section=&#8221;no&#8221; text_align=&#8221;left&#8221; background_image_as_pattern=&#8221;without_pattern&#8221; z_index=&#8221;&#8221;][vc_column][vc_row_inner row_type=&#8221;row&#8221; type=&#8221;grid&#8221; text_align=&#8221;left&#8221; css_animation=&#8221;&#8221; background_color=&#8221;#dd9933&#8243;][vc_column_inner width=&#8221;1\/4&#8243;]<a  itemprop=\"url\" href=\"http:\/\/www.drustvo-distrofikov.si\/?page_id=16877\" target=\"_self\" data-hover-background-color=\"#b25900\" data-hover-border-color=\"#b25900\" class=\"qbutton  default\" style=\"border-color: #dd9933; background-color:#dd9933;\">Postani redni \u010dlan<i class=\"qode_icon_font_awesome fa fa-user-plus qode_button_icon_element\"><\/i><\/a>[\/vc_column_inner][vc_column_inner width=&#8221;1\/4&#8243;]<a  itemprop=\"url\" href=\"http:\/\/www.drustvo-distrofikov.si\/?page_id=16880\" target=\"_self\" data-hover-background-color=\"#b25900\" data-hover-border-color=\"#b25900\" class=\"qbutton  default\" style=\"border-color: #dd9933; background-color:#dd9933;\">Postani podporni \u010dlan<i class=\"qode_icon_font_awesome fa fa-users qode_button_icon_element\"><\/i><\/a>[\/vc_column_inner][vc_column_inner width=&#8221;1\/4&#8243;]<a  itemprop=\"url\" href=\"http:\/\/www.drustvo-distrofikov.si\/?page_id=17441\" target=\"_self\" data-hover-background-color=\"#b25900\" data-hover-border-color=\"#b25900\" class=\"qbutton  default\" style=\"border-color: #dd9933; background-color:#dd9933;\">Podarim, prodam, i\u0161\u010dem<i class=\"qode_icon_font_awesome fa fa-futbol-o qode_button_icon_element\"><\/i><\/a>[\/vc_column_inner][vc_column_inner width=&#8221;1\/4&#8243;]<a  itemprop=\"url\" href=\"http:\/\/www.drustvo-distrofikov.si\/?page_id=16571\" target=\"_self\" data-hover-background-color=\"#b25900\" data-hover-border-color=\"#b25900\" class=\"qbutton  default\" style=\"border-color: #dd9933; background-color:#dd9933;\">Publikacije<i class=\"qode_icon_font_awesome fa fa-newspaper-o qode_button_icon_element\"><\/i><\/a>[\/vc_column_inner][\/vc_row_inner][\/vc_column][\/vc_row][vc_row css_animation=&#8221;&#8221; row_type=&#8221;row&#8221; use_row_as_full_screen_section=&#8221;no&#8221; type=&#8221;grid&#8221; angled_section=&#8221;no&#8221; text_align=&#8221;left&#8221; background_image_as_pattern=&#8221;without_pattern&#8221; background_color=&#8221;#ffffff&#8221;][vc_column][vc_row_inner row_type=&#8221;row&#8221; type=&#8221;full_width&#8221; text_align=&#8221;left&#8221; css_animation=&#8221;&#8221; background_color=&#8221;#ffe4bc&#8221;][vc_column_inner width=&#8221;1\/4&#8243;][vc_separator type=&#8221;transparent&#8221; up=&#8221;35&#8243;][vc_single_image image=&#8221;20632&#8243; img_size=&#8221;240&#215;400&#8243; alignment=&#8221;center&#8221; onclick=&#8221;custom_link&#8221; css=&#8221;&#8221; qode_css_animation=&#8221;&#8221; link=&#8221;https:\/\/care.togetherinsma.si\/content\/intl\/europe\/slovenia\/sma\/patients\/tisma\/sl-si\/home\/sma-care\/biogen-sma-exercise-app.html?utm_source=Drustvo+distrofikov&amp;utm_medium=Banner&amp;utm_campaign=SMA+APP&#8221;][vc_separator type=&#8221;normal&#8221;][\/vc_column_inner][vc_column_inner width=&#8221;1\/4&#8243;][vc_separator type=&#8221;transparent&#8221; up=&#8221;35&#8243;][vc_single_image image=&#8221;20595&#8243; img_size=&#8221;240&#215;400&#8243; alignment=&#8221;center&#8221; onclick=&#8221;custom_link&#8221; qode_css_animation=&#8221;&#8221; link=&#8221;https:\/\/www.roche.si\/&#8221;][vc_separator type=&#8221;transparent&#8221;][\/vc_column_inner][vc_column_inner width=&#8221;1\/4&#8243;][vc_separator type=&#8221;transparent&#8221;][vc_single_image image=&#8221;16313&#8243; img_size=&#8221;full&#8221; alignment=&#8221;center&#8221; onclick=&#8221;custom_link&#8221; img_link_target=&#8221;_blank&#8221; qode_css_animation=&#8221;element_from_fade&#8221; transition_delay=&#8221;0.2&#8243; link=&#8221;http:\/\/www.birografikabori.si&#8221;][vc_separator type=&#8221;transparent&#8221; up=&#8221;17&#8243; down=&#8221;10&#8243;][vc_column_text]<\/p>\n<h5>Birografika BORI d.o.o.<\/h5>\n<p>[\/vc_column_text][vc_separator type=&#8221;small&#8221; position=&#8221;left&#8221; up=&#8221;16&#8243; down=&#8221;12&#8243;][vc_column_text]<\/p>\n<p style=\"text-align: center;\"><a href=\"http:\/\/www.birografikabori.si\" target=\"_blank\" rel=\"noopener noreferrer\">Odpri stran podjetja &gt;&gt;<\/a><\/p>\n<p style=\"text-align: justify;\">Dru\u0161tvo je ustanovitelj in 100% lastnik invalidskega podjetja Birografika BORI, ki s svojimi storitvami grafi\u010dnega oblikovanja in tiska enakovredno deluje na trgu.<\/p>\n<p>[\/vc_column_text][vc_separator type=&#8221;transparent&#8221; up=&#8221;17&#8243; down=&#8221;10&#8243;][\/vc_column_inner][vc_column_inner width=&#8221;1\/4&#8243;][vc_separator type=&#8221;transparent&#8221;][vc_single_image image=&#8221;16219&#8243; img_size=&#8221;full&#8221; alignment=&#8221;center&#8221; onclick=&#8221;custom_link&#8221; img_link_target=&#8221;_blank&#8221; qode_css_animation=&#8221;element_from_fade&#8221; transition_delay=&#8221;0.3&#8243; link=&#8221;https:\/\/www.floramare.si\/sl\/resort\/&#8221;][vc_separator type=&#8221;transparent&#8221; up=&#8221;17&#8243; down=&#8221;10&#8243;][vc_column_text]<\/p>\n<h5>Dom dva topola d.o.o.<\/h5>\n<p>[\/vc_column_text][vc_separator type=&#8221;small&#8221; position=&#8221;left&#8221; up=&#8221;16&#8243; down=&#8221;12&#8243;][vc_column_text]<\/p>\n<p style=\"text-align: center;\"><a href=\"https:\/\/www.floramare.si\/sl\/resort\/\" target=\"_blank\" rel=\"noopener noreferrer\">Odpri stran podjetja &gt;&gt;<\/a><\/p>\n<p style=\"text-align: justify;\">Poleg Birografike BORI smo ustanovitelj in 100% lastnik invalidskega podjetja Dom dva topola, ki s svojimi storitvami izven bolni\u0161ni\u010dnega zdravljenja in obravnave distrofikov laj\u0161a njihove sekundarne zdravstvene zaplete. Dom pa je odprt tudi za druge goste.<\/p>\n<p>[\/vc_column_text][vc_separator type=&#8221;transparent&#8221; up=&#8221;17&#8243; down=&#8221;10&#8243;][\/vc_column_inner][\/vc_row_inner][vc_text_separator title=&#8221;Novice&#8221; border=&#8221;no&#8221;]\n<div class='latest_post_holder boxes four_columns two_rows' >\n    <ul>\n    \n        <li class=\"clearfix\">\n            <div class=\"boxes_image\">\n                                <a itemprop=\"url\" href=\"http:\/\/www.drustvo-distrofikov.si\/?p=21405\"><img fetchpriority=\"high\" decoding=\"async\" width=\"539\" height=\"303\" src=\"http:\/\/www.drustvo-distrofikov.si\/wp-content\/uploads\/2026\/04\/splet-539x303.png\" class=\"attachment-latest_post_boxes size-latest_post_boxes wp-post-image\" alt=\"\" srcset=\"http:\/\/www.drustvo-distrofikov.si\/wp-content\/uploads\/2026\/04\/splet-539x303.png 539w, http:\/\/www.drustvo-distrofikov.si\/wp-content\/uploads\/2026\/04\/splet-300x169.png 300w, http:\/\/www.drustvo-distrofikov.si\/wp-content\/uploads\/2026\/04\/splet-1024x576.png 1024w, http:\/\/www.drustvo-distrofikov.si\/wp-content\/uploads\/2026\/04\/splet-768x432.png 768w, http:\/\/www.drustvo-distrofikov.si\/wp-content\/uploads\/2026\/04\/splet-1536x864.png 1536w, http:\/\/www.drustvo-distrofikov.si\/wp-content\/uploads\/2026\/04\/splet-2048x1152.png 2048w, http:\/\/www.drustvo-distrofikov.si\/wp-content\/uploads\/2026\/04\/splet-700x394.png 700w\" sizes=\"(max-width: 539px) 100vw, 539px\" \/><\/a>\n            <\/div>\n            <div class=\"latest_post\"  >\n                <div class=\"latest_post_text\">\n                    <div class=\"latest_post_inner\">\n                        <div class=\"latest_post_text_inner\">\n                            <h5 itemprop=\"name\" class=\"latest_post_title entry_title\"><a itemprop=\"url\" href=\"http:\/\/www.drustvo-distrofikov.si\/?p=21405\">Javna tribuna o redkih boleznih \u00bbKo je moja, ni ve\u010d redka\u00ab<\/a><\/h5>\n                            <p class=\"excerpt\">Vljudno vas vabimo na javno tribuno o redkih boleznih \u00bbKo je moja, ni ve\u010d redka\u00ab, ki bo v torek, 21. aprila 2026, ob 11. uri v Modri dvorani Zdravni\u0161ke zbornice Slovenije (Dunajska cesta 162, Ljubljana). Leto\u0161nja tribuna bo osvetlila (neizpolnjene) potrebe bolnikov z redkimi boleznimi......<\/p>\n                            <span class=\"post_infos\">\n                                                                    <span class=\"date_hour_holder\">\n                                        <span itemprop=\"dateCreated\" class=\"date entry_date updated\">17 April, 2026 <meta itemprop=\"interactionCount\" content=\"UserComments: 0\"\/><\/span>\n                                    <\/span>\n                                                                                                    <span class=\"dots\"><i class=\"fa fa-square\"><\/i><\/span>\n                                                                            <a itemprop=\"url\" href=\"http:\/\/www.drustvo-distrofikov.si\/?cat=187\">Novice<\/a>\n                                                                    \n                                \n                                                            <\/span>\n                        <\/div>\n                    <\/div>\n                <\/div>\n            <\/div>\n        <\/li>\n    \n        <li class=\"clearfix\">\n            <div class=\"boxes_image\">\n                                <a itemprop=\"url\" href=\"http:\/\/www.drustvo-distrofikov.si\/?p=21394\"><img decoding=\"async\" width=\"539\" height=\"303\" src=\"http:\/\/www.drustvo-distrofikov.si\/wp-content\/uploads\/2026\/04\/NDK_splet-539x303.png\" class=\"attachment-latest_post_boxes size-latest_post_boxes wp-post-image\" alt=\"\" srcset=\"http:\/\/www.drustvo-distrofikov.si\/wp-content\/uploads\/2026\/04\/NDK_splet-539x303.png 539w, http:\/\/www.drustvo-distrofikov.si\/wp-content\/uploads\/2026\/04\/NDK_splet-300x169.png 300w, http:\/\/www.drustvo-distrofikov.si\/wp-content\/uploads\/2026\/04\/NDK_splet-1024x576.png 1024w, http:\/\/www.drustvo-distrofikov.si\/wp-content\/uploads\/2026\/04\/NDK_splet-768x432.png 768w, http:\/\/www.drustvo-distrofikov.si\/wp-content\/uploads\/2026\/04\/NDK_splet-1536x864.png 1536w, http:\/\/www.drustvo-distrofikov.si\/wp-content\/uploads\/2026\/04\/NDK_splet-2048x1152.png 2048w, http:\/\/www.drustvo-distrofikov.si\/wp-content\/uploads\/2026\/04\/NDK_splet-700x394.png 700w\" sizes=\"(max-width: 539px) 100vw, 539px\" \/><\/a>\n            <\/div>\n            <div class=\"latest_post\"  >\n                <div class=\"latest_post_text\">\n                    <div class=\"latest_post_inner\">\n                        <div class=\"latest_post_text_inner\">\n                            <h5 itemprop=\"name\" class=\"latest_post_title entry_title\"><a itemprop=\"url\" href=\"http:\/\/www.drustvo-distrofikov.si\/?p=21394\">Nadomestna in dopolnilna komunikacija pri osebah z boleznijo motori\u010dnega nevrona<\/a><\/h5>\n                            <p class=\"excerpt\">V okviru rednega mese\u010dnega sre\u010danja Odbora za ALS\u00a0vas v \u010detrtek, 16. aprila 2026, ob 16. uri,\u00a0 vabimo na brezpla\u010dno zoom predavanje\u00a0\u0160pele Ravnikar, mag. prof. logop. in surdoped., specialistke klini\u010dne logopedije, z naslovom NADOMESTNA IN DOPOLNILNA KOMUNIKACIJA PRI OSEBAH\u00a0Z BOLEZNIJO MOTORI\u010cNEGA NEVRONA V sklopu bolezni motori\u010dnega......<\/p>\n                            <span class=\"post_infos\">\n                                                                    <span class=\"date_hour_holder\">\n                                        <span itemprop=\"dateCreated\" class=\"date entry_date updated\">10 April, 2026 <meta itemprop=\"interactionCount\" content=\"UserComments: 0\"\/><\/span>\n                                    <\/span>\n                                                                                                    <span class=\"dots\"><i class=\"fa fa-square\"><\/i><\/span>\n                                                                            <a itemprop=\"url\" href=\"http:\/\/www.drustvo-distrofikov.si\/?cat=187\">Novice<\/a>\n                                                                    \n                                \n                                                            <\/span>\n                        <\/div>\n                    <\/div>\n                <\/div>\n            <\/div>\n        <\/li>\n    \n        <li class=\"clearfix\">\n            <div class=\"boxes_image\">\n                                <a itemprop=\"url\" href=\"http:\/\/www.drustvo-distrofikov.si\/?p=21391\"><img decoding=\"async\" width=\"539\" height=\"303\" src=\"http:\/\/www.drustvo-distrofikov.si\/wp-content\/uploads\/2026\/04\/OR1-1-539x303.png\" class=\"attachment-latest_post_boxes size-latest_post_boxes wp-post-image\" alt=\"\" srcset=\"http:\/\/www.drustvo-distrofikov.si\/wp-content\/uploads\/2026\/04\/OR1-1-539x303.png 539w, http:\/\/www.drustvo-distrofikov.si\/wp-content\/uploads\/2026\/04\/OR1-1-300x169.png 300w, http:\/\/www.drustvo-distrofikov.si\/wp-content\/uploads\/2026\/04\/OR1-1-1024x576.png 1024w, http:\/\/www.drustvo-distrofikov.si\/wp-content\/uploads\/2026\/04\/OR1-1-768x432.png 768w, http:\/\/www.drustvo-distrofikov.si\/wp-content\/uploads\/2026\/04\/OR1-1-1536x864.png 1536w, http:\/\/www.drustvo-distrofikov.si\/wp-content\/uploads\/2026\/04\/OR1-1-2048x1152.png 2048w, http:\/\/www.drustvo-distrofikov.si\/wp-content\/uploads\/2026\/04\/OR1-1-700x394.png 700w\" sizes=\"(max-width: 539px) 100vw, 539px\" \/><\/a>\n            <\/div>\n            <div class=\"latest_post\"  >\n                <div class=\"latest_post_text\">\n                    <div class=\"latest_post_inner\">\n                        <div class=\"latest_post_text_inner\">\n                            <h5 itemprop=\"name\" class=\"latest_post_title entry_title\"><a itemprop=\"url\" href=\"http:\/\/www.drustvo-distrofikov.si\/?p=21391\">Razpis za skupinsko obnovitveno rehabilitacijo 2026 objavljen<\/a><\/h5>\n                            <p class=\"excerpt\">Z veseljem sporo\u010damo, da je bil 9. aprila 2026 objavljen javni razpis za izbor organizatorjev skupinske obnovitvene rehabilitacije za leto 2026. Na dru\u0161tvu \u017ee intenzivno pripravljamo prijavo, ki jo bomo oddali v predpisanem roku, to je do 17. aprila 2026. Po oddaji imajo pristojni organi......<\/p>\n                            <span class=\"post_infos\">\n                                                                    <span class=\"date_hour_holder\">\n                                        <span itemprop=\"dateCreated\" class=\"date entry_date updated\">10 April, 2026 <meta itemprop=\"interactionCount\" content=\"UserComments: 0\"\/><\/span>\n                                    <\/span>\n                                                                                                    <span class=\"dots\"><i class=\"fa fa-square\"><\/i><\/span>\n                                                                            <a itemprop=\"url\" href=\"http:\/\/www.drustvo-distrofikov.si\/?cat=187\">Novice<\/a>\n                                                                    \n                                \n                                                            <\/span>\n                        <\/div>\n                    <\/div>\n                <\/div>\n            <\/div>\n        <\/li>\n    \n        <li class=\"clearfix\">\n            <div class=\"boxes_image\">\n                                <a itemprop=\"url\" href=\"http:\/\/www.drustvo-distrofikov.si\/?p=21374\"><img loading=\"lazy\" decoding=\"async\" width=\"539\" height=\"303\" src=\"http:\/\/www.drustvo-distrofikov.si\/wp-content\/uploads\/2026\/04\/OR-539x303.png\" class=\"attachment-latest_post_boxes size-latest_post_boxes wp-post-image\" alt=\"\" srcset=\"http:\/\/www.drustvo-distrofikov.si\/wp-content\/uploads\/2026\/04\/OR-539x303.png 539w, http:\/\/www.drustvo-distrofikov.si\/wp-content\/uploads\/2026\/04\/OR-300x169.png 300w, http:\/\/www.drustvo-distrofikov.si\/wp-content\/uploads\/2026\/04\/OR-1024x576.png 1024w, http:\/\/www.drustvo-distrofikov.si\/wp-content\/uploads\/2026\/04\/OR-768x432.png 768w, http:\/\/www.drustvo-distrofikov.si\/wp-content\/uploads\/2026\/04\/OR-1536x864.png 1536w, http:\/\/www.drustvo-distrofikov.si\/wp-content\/uploads\/2026\/04\/OR-2048x1152.png 2048w, http:\/\/www.drustvo-distrofikov.si\/wp-content\/uploads\/2026\/04\/OR-700x394.png 700w\" sizes=\"(max-width: 539px) 100vw, 539px\" \/><\/a>\n            <\/div>\n            <div class=\"latest_post\"  >\n                <div class=\"latest_post_text\">\n                    <div class=\"latest_post_inner\">\n                        <div class=\"latest_post_text_inner\">\n                            <h5 itemprop=\"name\" class=\"latest_post_title entry_title\"><a itemprop=\"url\" href=\"http:\/\/www.drustvo-distrofikov.si\/?p=21374\">Zdravstveni program SOR za mi\u0161i\u010dno in \u017eiv\u010dno-mi\u0161i\u010dno obolele za leto 2026<\/a><\/h5>\n                            <p class=\"excerpt\">Kot je obi\u010dajno, smo v zadnjih tednih \u017ee za\u010deli z intenzivnimi pripravami na izvedbo zdravstvenega programa skupinske obnovitvene rehabilitacije za mi\u0161i\u010dno in \u017eiv\u010dno-mi\u0161i\u010dno obolele za leto 2026. V teh dneh boste tisti, ki vas je tria\u017ena komisija uvrstila med upravi\u010dence, prejeli vabilo za udele\u017ebo v......<\/p>\n                            <span class=\"post_infos\">\n                                                                    <span class=\"date_hour_holder\">\n                                        <span itemprop=\"dateCreated\" class=\"date entry_date updated\">07 April, 2026 <meta itemprop=\"interactionCount\" content=\"UserComments: 0\"\/><\/span>\n                                    <\/span>\n                                                                                                    <span class=\"dots\"><i class=\"fa fa-square\"><\/i><\/span>\n                                                                            <a itemprop=\"url\" href=\"http:\/\/www.drustvo-distrofikov.si\/?cat=187\">Novice<\/a>\n                                                                    \n                                \n                                                            <\/span>\n                        <\/div>\n                    <\/div>\n                <\/div>\n            <\/div>\n        <\/li>\n    \n        <li class=\"clearfix\">\n            <div class=\"boxes_image\">\n                                <a itemprop=\"url\" href=\"http:\/\/www.drustvo-distrofikov.si\/?p=21369\"><img loading=\"lazy\" decoding=\"async\" width=\"539\" height=\"300\" src=\"http:\/\/www.drustvo-distrofikov.si\/wp-content\/uploads\/2026\/03\/mojzdravnik2026-539x300.jpg\" class=\"attachment-latest_post_boxes size-latest_post_boxes wp-post-image\" alt=\"\" \/><\/a>\n            <\/div>\n            <div class=\"latest_post\"  >\n                <div class=\"latest_post_text\">\n                    <div class=\"latest_post_inner\">\n                        <div class=\"latest_post_text_inner\">\n                            <h5 itemprop=\"name\" class=\"latest_post_title entry_title\"><a itemprop=\"url\" href=\"http:\/\/www.drustvo-distrofikov.si\/?p=21369\">Akcija Moj zdravnik 2026<\/a><\/h5>\n                            <p class=\"excerpt\">\u017de tri desetletja poteka akcija Moj zdravnik in je \u0161e vedno sve\u017ea, pristna in \u017eivahna. Nagradite \u010dlove\u010dnost, sr\u010dnost, predanost in strokovnost svojega zdravnika. Glasujte za svoje favorite in tako poka\u017eite, da cenite njihovo delo. &nbsp; Glasujete lahko na https:\/\/viva.bhc.si\/moj-zdravnik\/kdo-bo-moj-zdravnik-2026-glasujte\/a\/10953411\u00a0 &nbsp; &nbsp; &nbsp; &nbsp;...<\/p>\n                            <span class=\"post_infos\">\n                                                                    <span class=\"date_hour_holder\">\n                                        <span itemprop=\"dateCreated\" class=\"date entry_date updated\">05 March, 2026 <meta itemprop=\"interactionCount\" content=\"UserComments: 0\"\/><\/span>\n                                    <\/span>\n                                                                                                    <span class=\"dots\"><i class=\"fa fa-square\"><\/i><\/span>\n                                                                            <a itemprop=\"url\" href=\"http:\/\/www.drustvo-distrofikov.si\/?cat=187\">Novice<\/a>\n                                                                    \n                                \n                                                            <\/span>\n                        <\/div>\n                    <\/div>\n                <\/div>\n            <\/div>\n        <\/li>\n    \n        <li class=\"clearfix\">\n            <div class=\"boxes_image\">\n                                <a itemprop=\"url\" href=\"http:\/\/www.drustvo-distrofikov.si\/?p=21365\"><img loading=\"lazy\" decoding=\"async\" width=\"539\" height=\"303\" src=\"http:\/\/www.drustvo-distrofikov.si\/wp-content\/uploads\/2026\/03\/naslovnica_spletna-539x303.png\" class=\"attachment-latest_post_boxes size-latest_post_boxes wp-post-image\" alt=\"\" srcset=\"http:\/\/www.drustvo-distrofikov.si\/wp-content\/uploads\/2026\/03\/naslovnica_spletna-539x303.png 539w, http:\/\/www.drustvo-distrofikov.si\/wp-content\/uploads\/2026\/03\/naslovnica_spletna-300x169.png 300w, http:\/\/www.drustvo-distrofikov.si\/wp-content\/uploads\/2026\/03\/naslovnica_spletna-1024x576.png 1024w, http:\/\/www.drustvo-distrofikov.si\/wp-content\/uploads\/2026\/03\/naslovnica_spletna-768x432.png 768w, http:\/\/www.drustvo-distrofikov.si\/wp-content\/uploads\/2026\/03\/naslovnica_spletna-1536x864.png 1536w, http:\/\/www.drustvo-distrofikov.si\/wp-content\/uploads\/2026\/03\/naslovnica_spletna-2048x1152.png 2048w, http:\/\/www.drustvo-distrofikov.si\/wp-content\/uploads\/2026\/03\/naslovnica_spletna-700x394.png 700w\" sizes=\"(max-width: 539px) 100vw, 539px\" \/><\/a>\n            <\/div>\n            <div class=\"latest_post\"  >\n                <div class=\"latest_post_text\">\n                    <div class=\"latest_post_inner\">\n                        <div class=\"latest_post_text_inner\">\n                            <h5 itemprop=\"name\" class=\"latest_post_title entry_title\"><a itemprop=\"url\" href=\"http:\/\/www.drustvo-distrofikov.si\/?p=21365\">Posami\u010dno dr\u017eavno prvenstvo distrofikov  v \u0161ahu za leto 2026<\/a><\/h5>\n                            <p class=\"excerpt\">V sodelovanju z Zvezo za \u0161port invalidov Slovenije organiziramo\u00a0Posami\u010dno dr\u017eavno prvenstvo distrofikov\u00a0 v \u0161ahu za leto 2026, ki bo potekalo med 20.3.2026 in 22.3.2026 v\u00a0Floramare resortu zdravja, v Izoli. Posami\u010dno dr\u017eavno prvenstvo distrofikov v \u0161ahu bo izvedeno lo\u010deno v \u017eenski in mo\u0161ki kategoriji. V primeru,......<\/p>\n                            <span class=\"post_infos\">\n                                                                    <span class=\"date_hour_holder\">\n                                        <span itemprop=\"dateCreated\" class=\"date entry_date updated\">05 March, 2026 <meta itemprop=\"interactionCount\" content=\"UserComments: 0\"\/><\/span>\n                                    <\/span>\n                                                                                                    <span class=\"dots\"><i class=\"fa fa-square\"><\/i><\/span>\n                                                                            <a itemprop=\"url\" href=\"http:\/\/www.drustvo-distrofikov.si\/?cat=187\">Novice<\/a>\n                                                                    \n                                \n                                                            <\/span>\n                        <\/div>\n                    <\/div>\n                <\/div>\n            <\/div>\n        <\/li>\n    \n        <li class=\"clearfix\">\n            <div class=\"boxes_image\">\n                                <a itemprop=\"url\" href=\"http:\/\/www.drustvo-distrofikov.si\/?p=21357\"><img loading=\"lazy\" decoding=\"async\" width=\"539\" height=\"303\" src=\"http:\/\/www.drustvo-distrofikov.si\/wp-content\/uploads\/2026\/02\/konferenca_spletna-539x303.png\" class=\"attachment-latest_post_boxes size-latest_post_boxes wp-post-image\" alt=\"\" srcset=\"http:\/\/www.drustvo-distrofikov.si\/wp-content\/uploads\/2026\/02\/konferenca_spletna-539x303.png 539w, http:\/\/www.drustvo-distrofikov.si\/wp-content\/uploads\/2026\/02\/konferenca_spletna-300x169.png 300w, http:\/\/www.drustvo-distrofikov.si\/wp-content\/uploads\/2026\/02\/konferenca_spletna-1024x576.png 1024w, http:\/\/www.drustvo-distrofikov.si\/wp-content\/uploads\/2026\/02\/konferenca_spletna-768x432.png 768w, http:\/\/www.drustvo-distrofikov.si\/wp-content\/uploads\/2026\/02\/konferenca_spletna-1536x864.png 1536w, http:\/\/www.drustvo-distrofikov.si\/wp-content\/uploads\/2026\/02\/konferenca_spletna-2048x1152.png 2048w, http:\/\/www.drustvo-distrofikov.si\/wp-content\/uploads\/2026\/02\/konferenca_spletna-700x394.png 700w\" sizes=\"(max-width: 539px) 100vw, 539px\" \/><\/a>\n            <\/div>\n            <div class=\"latest_post\"  >\n                <div class=\"latest_post_text\">\n                    <div class=\"latest_post_inner\">\n                        <div class=\"latest_post_text_inner\">\n                            <h5 itemprop=\"name\" class=\"latest_post_title entry_title\"><a itemprop=\"url\" href=\"http:\/\/www.drustvo-distrofikov.si\/?p=21357\">12. nacionalna konferenca ob Dnevu redkih bolezni<\/a><\/h5>\n                            <p class=\"excerpt\">V okviru Mednarodnega dneva redkih bolezni bo 27. februarja 2026 na Brdu pri Kranju potekala \u017ee tradicionalna 12. nacionalna konferenca ob dnevu redkih bolezni. &nbsp; PROGRAM 08:00 &#8211; 09:00 Registracija 09:00 &#8211; 09:30 Uvodni nagovor in umetni\u0161ko kulturna to\u010dka 09:30 &#8211; 09:4 5 Predstavitev Zveze......<\/p>\n                            <span class=\"post_infos\">\n                                                                    <span class=\"date_hour_holder\">\n                                        <span itemprop=\"dateCreated\" class=\"date entry_date updated\">11 February, 2026 <meta itemprop=\"interactionCount\" content=\"UserComments: 0\"\/><\/span>\n                                    <\/span>\n                                                                                                    <span class=\"dots\"><i class=\"fa fa-square\"><\/i><\/span>\n                                                                            <a itemprop=\"url\" href=\"http:\/\/www.drustvo-distrofikov.si\/?cat=187\">Novice<\/a>\n                                                                    \n                                \n                                                            <\/span>\n                        <\/div>\n                    <\/div>\n                <\/div>\n            <\/div>\n        <\/li>\n    \n        <li class=\"clearfix\">\n            <div class=\"boxes_image\">\n                                <a itemprop=\"url\" href=\"http:\/\/www.drustvo-distrofikov.si\/?p=21349\"><img loading=\"lazy\" decoding=\"async\" width=\"539\" height=\"303\" src=\"http:\/\/www.drustvo-distrofikov.si\/wp-content\/uploads\/2026\/02\/dolgotrajnaSplet-1-539x303.png\" class=\"attachment-latest_post_boxes size-latest_post_boxes wp-post-image\" alt=\"\" \/><\/a>\n            <\/div>\n            <div class=\"latest_post\"  >\n                <div class=\"latest_post_text\">\n                    <div class=\"latest_post_inner\">\n                        <div class=\"latest_post_text_inner\">\n                            <h5 itemprop=\"name\" class=\"latest_post_title entry_title\"><a itemprop=\"url\" href=\"http:\/\/www.drustvo-distrofikov.si\/?p=21349\">O pravicah na podro\u010dju dolgotrajne oskrbe<\/a><\/h5>\n                            <p class=\"excerpt\">V A B I L O na informativni dogodek o pravicah na podro\u010dju dolgotrajne oskrbe, ki bo potekal v sodelovanju z Ministrstvom za solidarno prihodnost, v \u010detrtek, 12. februarja 2026, ob 16. uri, preko aplikacije Zoom. Dogodek je namenjen vsem, ki \u017eelijo pridobiti jasne in......<\/p>\n                            <span class=\"post_infos\">\n                                                                    <span class=\"date_hour_holder\">\n                                        <span itemprop=\"dateCreated\" class=\"date entry_date updated\">03 February, 2026 <meta itemprop=\"interactionCount\" content=\"UserComments: 0\"\/><\/span>\n                                    <\/span>\n                                                                                                    <span class=\"dots\"><i class=\"fa fa-square\"><\/i><\/span>\n                                                                            <a itemprop=\"url\" href=\"http:\/\/www.drustvo-distrofikov.si\/?cat=187\">Novice<\/a>\n                                                                    \n                                \n                                                            <\/span>\n                        <\/div>\n                    <\/div>\n                <\/div>\n            <\/div>\n        <\/li>\n        <\/ul>\n<\/div>[vc_separator type=&#8221;transparent&#8221; up=&#8221;17&#8243; down=&#8221;10&#8243;][\/vc_column][\/vc_row][vc_row row_type=&#8221;parallax&#8221; parallax_content_width=&#8221;in_grid&#8221; text_align=&#8221;left&#8221; full_screen_section_height=&#8221;no&#8221; background_image=&#8221;15781&#8243;][vc_column][vc_separator type=&#8221;transparent&#8221; up=&#8221;121&#8243; down=&#8221;0&#8243;][vc_row_inner row_type=&#8221;row&#8221; type=&#8221;full_width&#8221; text_align=&#8221;left&#8221; css_animation=&#8221;&#8221;][vc_column_inner width=&#8221;1\/4&#8243;]<div class=\"q_counter_holder  center\" style=\"\" data-digit=\"963\"><span class=\"counter  zero\" style=\"color: #ffffff;font-size: 56px;\">963<\/span><\/div>[vc_separator type=&#8221;transparent&#8221; up=&#8221;-5&#8243; down=&#8221;0&#8243;][vc_column_text]<\/p>\n<h5 style=\"text-align: center;\"><span style=\"color: #ffffff;\">REDNI \u010cLANI<\/span><\/h5>\n<p>[\/vc_column_text][vc_separator type=&#8221;transparent&#8221; up=&#8221;9&#8243; down=&#8221;0&#8243;][vc_column_text]<\/p>\n<p style=\"text-align: center;\"><span style=\"color: #ffffff;\">\u0160tevilo v\u010dlanjenih rednih \u010dlanov<\/span><\/p>\n<p>[\/vc_column_text][vc_separator type=&#8221;transparent&#8221; up=&#8221;121&#8243; down=&#8221;0&#8243;][\/vc_column_inner][vc_column_inner width=&#8221;1\/4&#8243;]<div class=\"q_counter_holder  center\" style=\"\" data-digit=\"238\"><span class=\"counter  zero\" style=\"color: #ffffff;font-size: 56px;\">238<\/span><\/div>[vc_separator type=&#8221;transparent&#8221; up=&#8221;-5&#8243; down=&#8221;0&#8243;][vc_column_text]<\/p>\n<h5 style=\"text-align: center;\"><span style=\"color: #ffffff;\">PODPORNI \u010cLANI<\/span><\/h5>\n<p>[\/vc_column_text][vc_separator type=&#8221;transparent&#8221; up=&#8221;9&#8243; down=&#8221;0&#8243;][vc_column_text]<\/p>\n<p style=\"text-align: center;\"><span style=\"color: #ffffff;\">\u0160tevilo v\u010dlanjenih podpornih\u00a0\u010dlanov<\/span><\/p>\n<p>[\/vc_column_text][vc_separator type=&#8221;transparent&#8221; up=&#8221;121&#8243; down=&#8221;0&#8243;][\/vc_column_inner][vc_column_inner width=&#8221;1\/4&#8243;]<div class=\"q_counter_holder  center\" style=\"\" data-digit=\"11634\"><span class=\"counter  zero\" style=\"color: #ffffff;font-size: 56px;\">11634<\/span><\/div>[vc_separator type=&#8221;transparent&#8221; up=&#8221;-5&#8243; down=&#8221;0&#8243;][vc_column_text]<\/p>\n<h5 style=\"text-align: center;\"><span style=\"color: #ffffff;\">PREVOZI V 2017<\/span><\/h5>\n<p>[\/vc_column_text][vc_separator type=&#8221;transparent&#8221; up=&#8221;9&#8243; down=&#8221;0&#8243;][vc_column_text]<\/p>\n<p style=\"text-align: center;\"><span style=\"color: #ffffff;\">\u0160tevilo realiziranih\u00a0Zahtevkov za prevoz<\/span><\/p>\n<p>[\/vc_column_text][vc_separator type=&#8221;transparent&#8221; up=&#8221;121&#8243; down=&#8221;0&#8243;][\/vc_column_inner][vc_column_inner width=&#8221;1\/4&#8243;]<div class=\"q_counter_holder  center\" style=\"\" data-digit=\"305380\"><span class=\"counter  zero\" style=\"color: #ffffff;font-size: 56px;\">305380<\/span><\/div>[vc_separator type=&#8221;transparent&#8221; up=&#8221;-5&#8243; down=&#8221;0&#8243;][vc_column_text]<\/p>\n<h5 style=\"text-align: center;\"><span style=\"color: #ffffff;\">KILOMETRI V 2017<\/span><\/h5>\n<p>[\/vc_column_text][vc_separator type=&#8221;transparent&#8221; up=&#8221;9&#8243; down=&#8221;0&#8243;][vc_column_text]<\/p>\n<p style=\"text-align: center;\"><span style=\"color: #ffffff;\">Opravljeni kilometri za prevoz distrofikov<\/span><\/p>\n<p>[\/vc_column_text][vc_separator type=&#8221;transparent&#8221; up=&#8221;121&#8243; down=&#8221;0&#8243;][\/vc_column_inner][\/vc_row_inner][\/vc_column][\/vc_row][vc_row css_animation=&#8221;&#8221; row_type=&#8221;row&#8221; use_row_as_full_screen_section=&#8221;no&#8221; type=&#8221;full_width&#8221; angled_section=&#8221;no&#8221; text_align=&#8221;left&#8221; background_image_as_pattern=&#8221;without_pattern&#8221; background_color=&#8221;#dd9933&#8243; padding_top=&#8221;17&#8243; padding_bottom=&#8221;1&#8243; z_index=&#8221;&#8221;][vc_column][vc_column_text]<br \/>\n[\/vc_column_text][\/vc_column][\/vc_row][vc_row row_type=&#8221;parallax&#8221; parallax_content_width=&#8221;in_grid&#8221; text_align=&#8221;center&#8221; full_screen_section_height=&#8221;no&#8221; background_image=&#8221;15887&#8243; section_height=&#8221;500&#8243;][vc_column][vc_separator type=&#8221;transparent&#8221; up=&#8221;73&#8243; down=&#8221;0&#8243;]<div class=\"custom_font_holder \" style=\"font-family: Roboto Slab; font-style: normal; font-weight: 400; color: #ffffff; text-decoration: none; background-color: rgba(221,51,51,0.33); text-align: center; --qode-cf-font-size: 60px; --qode-cf-line-height: 70px; --qode-cf-font-size-1440: 60px; --qode-cf-line-height-1440: 70px; --qode-cf-font-size-1366: 60px; --qode-cf-line-height-1366: 70px; --qode-cf-font-size-1280: 60px; --qode-cf-line-height-1280: 70px; --qode-cf-font-size-1024: 60px; --qode-cf-line-height-1024: 70px; --qode-cf-font-size-768: 60px; --qode-cf-line-height-768: 70px; --qode-cf-font-size-680: 60px; --qode-cf-line-height-680: 70px; --qode-cf-font-size-480: 60px; --qode-cf-line-height-480: 70px;\">\n<p><span style=\"color: #ffffff;\">Doniraj distrofikom<\/span><\/p>\n<\/div>[vc_separator type=&#8221;transparent&#8221; up=&#8221;10&#8243; down=&#8221;1&#8243;]<div class=\"custom_font_holder \" style=\"font-family: Roboto; font-style: normal; font-weight: 300; text-decoration: none; background-color: rgba(221,51,51,0.33); text-align: center; --qode-cf-font-size: 23px; --qode-cf-line-height: 34px; --qode-cf-font-size-1440: 23px; --qode-cf-line-height-1440: 34px; --qode-cf-font-size-1366: 23px; --qode-cf-line-height-1366: 34px; --qode-cf-font-size-1280: 23px; --qode-cf-line-height-1280: 34px; --qode-cf-font-size-1024: 23px; --qode-cf-line-height-1024: 34px; --qode-cf-font-size-768: 23px; --qode-cf-line-height-768: 34px; --qode-cf-font-size-680: 23px; --qode-cf-line-height-680: 34px; --qode-cf-font-size-480: 23px; --qode-cf-line-height-480: 34px;\">\n<p><span style=\"color: #ffffff;\"><strong>Podprite izvajanje posebnih socialnih programov in omogo\u010dite distrofikom\u00a0kvalitetnej\u0161e \u017eivljenje.<\/strong><\/span><\/p>\n<\/div>[vc_separator type=&#8221;transparent&#8221; up=&#8221;36&#8243; down=&#8221;0&#8243;][vc_row_inner row_type=&#8221;row&#8221; type=&#8221;full_width&#8221; text_align=&#8221;center&#8221; css_animation=&#8221;&#8221;][vc_column_inner width=&#8221;1\/2&#8243;]<a  itemprop=\"url\" href=\"http:\/\/www.drustvo-distrofikov.si\/?page_id=16130\" target=\"_self\" data-hover-background-color=\"#ffffff\" data-hover-color=\"#000000\" class=\"qbutton  right default\" style=\"border-color: #b25900; background-color:#b25900;\">Katere programe izvajamo &gt;<\/a>[\/vc_column_inner][vc_column_inner width=&#8221;1\/2&#8243;]<a  itemprop=\"url\" href=\"http:\/\/www.drustvo-distrofikov.si\/?page_id=16586\" target=\"_self\" data-hover-background-color=\"#ffffff\" data-hover-color=\"#000000\" class=\"qbutton  left default\" style=\"border-color: #b25900; background-color:#b25900;\">Doniraj in pomagaj distrofikom &gt;<\/a>[\/vc_column_inner][\/vc_row_inner][vc_separator type=&#8221;transparent&#8221; up=&#8221;73&#8243; down=&#8221;0&#8243;][\/vc_column][\/vc_row][vc_row css_animation=&#8221;&#8221; row_type=&#8221;row&#8221; use_row_as_full_screen_section=&#8221;no&#8221; type=&#8221;full_width&#8221; angled_section=&#8221;no&#8221; text_align=&#8221;left&#8221; background_image_as_pattern=&#8221;without_pattern&#8221;][vc_column]<div class=\"call_to_action with_icon\" style=\"background-color: #dd9933;\"><div class=\"container_inner\"><div class=\"two_columns_75_25 clearfix\"><div class=\"text_wrapper column1\"><div class=\"call_to_action_icon_holder\"><div class=\"call_to_action_icon\"><div class=\"call_to_action_icon_inner\"><i class='fa fa-wheelchair pull-left . fa-3x'><\/i><\/div><\/div><\/div><div class=\"call_to_action_text \" style=\"\">\n<h6>Dru\u0161tvo samostojno izvaja kar <span style=\"color: #ffffff\"><strong>12 posebnih socialnih<\/strong><\/span> programov in nekatere lahko zaradi profesionalnih dose\u017ekov uvr\u0161\u010damo med izjemne dose\u017eke slovenskega invalidskega varstva.<\/h6>\n<\/div><\/div><div class=\"button_wrapper column2\"><a itemprop=\"url\" href=\"http:\/\/www.drustvo-distrofikov.si\/?page_id=16130\" class=\"qbutton white \" target=\"\" style=\"color: #ffffff;border-color: #000000;background-color:#000000;\" data-hover-background-color=#ffffff data-hover-border-color=#ffffff data-hover-color=#000000>PREBERI VE\u010c &gt;<\/a><\/div><\/div><\/div><\/div>[vc_separator type=&#8221;transparent&#8221; up=&#8221;5&#8243; down=&#8221;15&#8243;][\/vc_column][\/vc_row][vc_row css_animation=&#8221;&#8221; row_type=&#8221;row&#8221; use_row_as_full_screen_section=&#8221;no&#8221; type=&#8221;full_width&#8221; angled_section=&#8221;no&#8221; text_align=&#8221;left&#8221; background_image_as_pattern=&#8221;without_pattern&#8221;][vc_column][vc_text_separator title=&#8221;Projekti&#8221; border=&#8221;no&#8221;][vc_separator type=&#8221;transparent&#8221; up=&#8221;5&#8243; down=&#8221;15&#8243;][\/vc_column][\/vc_row][vc_row css_animation=&#8221;&#8221; row_type=&#8221;row&#8221; use_row_as_full_screen_section=&#8221;no&#8221; type=&#8221;full_width&#8221; angled_section=&#8221;no&#8221; text_align=&#8221;left&#8221; background_image_as_pattern=&#8221;without_pattern&#8221;][vc_column][vc_row_inner row_type=&#8221;row&#8221; type=&#8221;full_width&#8221; text_align=&#8221;left&#8221; css_animation=&#8221;&#8221;][vc_column_inner width=&#8221;1\/4&#8243;][\/vc_column_inner][vc_column_inner width=&#8221;1\/4&#8243;][vc_separator type=&#8221;transparent&#8221;][vc_single_image image=&#8221;20081&#8243; img_size=&#8221;medium&#8221; alignment=&#8221;center&#8221; onclick=&#8221;custom_link&#8221; qode_css_animation=&#8221;&#8221; link=&#8221;http:\/\/www.drustvo-distrofikov.si\/?page_id=19990&#8243;][\/vc_column_inner][vc_column_inner width=&#8221;1\/4&#8243;][vc_separator type=&#8221;transparent&#8221;]<div class=\"image_hover hovered\" data-transition-delay=\"\"><div class=\"images_holder\"><a itemprop=\"url\" href=\"http:\/\/www.portaldds.si\" target=\"_blank\"><img decoding=\"async\" itemprop=\"image\" class=\"active_image \" src=\"http:\/\/www.drustvo-distrofikov.si\/wp-content\/uploads\/2015\/12\/portal-logo3.jpg\" alt=\"Main Image\" style=\"\" \/><img decoding=\"async\" itemprop=\"image\" class=\"hover_image\" src=\"http:\/\/www.drustvo-distrofikov.si\/wp-content\/uploads\/2015\/12\/portal-logo4.jpg\" alt=\"Hover Image\" style=\"\" \/><\/a><\/div><\/div>[vc_separator type=&#8221;transparent&#8221; up=&#8221;17&#8243; down=&#8221;10&#8243;][vc_column_text]<\/p>\n<h5>PortalDDS<\/h5>\n<p>[\/vc_column_text][vc_separator type=&#8221;small&#8221; position=&#8221;left&#8221; up=&#8221;16&#8243; down=&#8221;12&#8243;][vc_column_text]<\/p>\n<p style=\"text-align: center;\"><a href=\"http:\/\/www.portaldds.si\" target=\"_blank\" rel=\"noopener noreferrer\">Vstop v PortalDDS\u00a0&gt;&gt;<\/a><\/p>\n<p style=\"text-align: justify;\">\u010clani in drugi registrirani uporabniki lahko oddate Zahtevek za prevoz s prilagojenimi dru\u0161tvenimi vozili preko portala. Novi uporabniki nam po\u0161ljite\u00a0<a href=\"http:\/\/www.drustvo-distrofikov.si\/wp-content\/uploads\/2015\/07\/portaldds-vlogazapridobitevdostopa.pdf\" target=\"_blank\" rel=\"noopener noreferrer\">Vlogo za pridobitev dostopa<\/a>, obstoje\u010di pa\u00a0<a href=\"http:\/\/www.drustvo-distrofikov.si\/wp-content\/uploads\/2015\/07\/portaldds-soglasjezaobvescanje.pdf\" target=\"_blank\" rel=\"noopener noreferrer\">Soglasje za elektronsko obve\u0161\u010danje<\/a>, v kolikor to \u017ee niste storili.<\/p>\n<p>[\/vc_column_text][vc_separator type=&#8221;transparent&#8221; up=&#8221;17&#8243; down=&#8221;10&#8243;][\/vc_column_inner][vc_column_inner width=&#8221;1\/4&#8243;][\/vc_column_inner][\/vc_row_inner][vc_separator type=&#8221;transparent&#8221; up=&#8221;5&#8243; down=&#8221;15&#8243;][\/vc_column][\/vc_row][vc_row css_animation=&#8221;&#8221; row_type=&#8221;row&#8221; use_row_as_full_screen_section=&#8221;no&#8221; type=&#8221;full_width&#8221; angled_section=&#8221;no&#8221; text_align=&#8221;left&#8221; background_image_as_pattern=&#8221;without_pattern&#8221;][vc_column][vc_text_separator title=&#8221;Programe in delovanje dru\u0161tva sofinancirajo&#8221; border=&#8221;no&#8221;][vc_separator type=&#8221;transparent&#8221; up=&#8221;5&#8243; down=&#8221;15&#8243;][\/vc_column][\/vc_row][vc_row css_animation=&#8221;&#8221; row_type=&#8221;row&#8221; use_row_as_full_screen_section=&#8221;no&#8221; type=&#8221;full_width&#8221; angled_section=&#8221;no&#8221; text_align=&#8221;center&#8221; background_image_as_pattern=&#8221;without_pattern&#8221; background_color=&#8221;#ffffff&#8221;][vc_column][qode_clients columns=&#8221;three_columns&#8221; hover_effect=&#8221;default&#8221; disable_separators=&#8221;&#8221;][qode_client link_target=&#8221;_blank&#8221; image=&#8221;18543&#8243; link=&#8221;http:\/\/www.fiho.si&#8221;][qode_client link_target=&#8221;_blank&#8221; image=&#8221;20913&#8243; link=&#8221;https:\/\/www.gov.si\/drzavni-organi\/ministrstva\/ministrstvo-za-zdravje\/&#8221;][qode_client link_target=&#8221;_blank&#8221; image=&#8221;20928&#8243; link=&#8221;https:\/\/www.gov.si\/drzavni-organi\/ministrstva\/ministrstvo-za-delo-druzino-socialne-zadeve-in-enake-moznosti\/&#8221;][\/qode_clients][vc_separator type=&#8221;transparent&#8221; up=&#8221;5&#8243; down=&#8221;15&#8243;][\/vc_column][\/vc_row]<\/p>\n<\/div>","protected":false},"excerpt":{"rendered":"<p>[vc_row css_animation=&#8221;&#8221; row_type=&#8221;row&#8221; use_row_as_full_screen_section=&#8221;no&#8221; type=&#8221;full_width&#8221; angled_section=&#8221;no&#8221; text_align=&#8221;left&#8221; background_image_as_pattern=&#8221;without_pattern&#8221; z_index=&#8221;&#8221;][vc_column][vc_row_inner row_type=&#8221;row&#8221; type=&#8221;grid&#8221; text_align=&#8221;left&#8221; css_animation=&#8221;&#8221; background_color=&#8221;#dd9933&#8243;][vc_column_inner width=&#8221;1\/4&#8243;][\/vc_column_inner][vc_column_inner width=&#8221;1\/4&#8243;][\/vc_column_inner][vc_column_inner width=&#8221;1\/4&#8243;][\/vc_column_inner][vc_column_inner width=&#8221;1\/4&#8243;][\/vc_column_inner][\/vc_row_inner][\/vc_column][\/vc_row][vc_row css_animation=&#8221;&#8221; row_type=&#8221;row&#8221; use_row_as_full_screen_section=&#8221;no&#8221; type=&#8221;grid&#8221; angled_section=&#8221;no&#8221; text_align=&#8221;left&#8221; background_image_as_pattern=&#8221;without_pattern&#8221; background_color=&#8221;#ffffff&#8221;][vc_column][vc_row_inner row_type=&#8221;row&#8221; type=&#8221;full_width&#8221; text_align=&#8221;left&#8221; css_animation=&#8221;&#8221; background_color=&#8221;#ffe4bc&#8221;][vc_column_inner width=&#8221;1\/4&#8243;][vc_separator type=&#8221;transparent&#8221; up=&#8221;35&#8243;][vc_single_image image=&#8221;20632&#8243; img_size=&#8221;240&#215;400&#8243; alignment=&#8221;center&#8221; onclick=&#8221;custom_link&#8221; css=&#8221;&#8221; qode_css_animation=&#8221;&#8221; link=&#8221;https:\/\/care.togetherinsma.si\/content\/intl\/europe\/slovenia\/sma\/patients\/tisma\/sl-si\/home\/sma-care\/biogen-sma-exercise-app.html?utm_source=Drustvo+distrofikov&amp;utm_medium=Banner&amp;utm_campaign=SMA+APP&#8221;][vc_separator type=&#8221;normal&#8221;][\/vc_column_inner][vc_column_inner width=&#8221;1\/4&#8243;][vc_separator type=&#8221;transparent&#8221; up=&#8221;35&#8243;][vc_single_image&#8230;<\/p>\n","protected":false},"author":1,"featured_media":0,"parent":0,"menu_order":0,"comment_status":"closed","ping_status":"closed","template":"full_width.php","meta":{"_exactmetrics_skip_tracking":false,"_exactmetrics_sitenote_active":false,"_exactmetrics_sitenote_note":"","_exactmetrics_sitenote_category":0,"footnotes":""},"class_list":["post-14869","page","type-page","status-publish","hentry"],"publishpress_future_action":{"enabled":false,"date":"2026-05-07 08:40:36","action":"change-status","newStatus":"draft","terms":[],"taxonomy":"","extraData":[]},"publishpress_future_workflow_manual_trigger":{"enabledWorkflows":[]},"_links":{"self":[{"href":"http:\/\/www.drustvo-distrofikov.si\/index.php?rest_route=\/wp\/v2\/pages\/14869","targetHints":{"allow":["GET"]}}],"collection":[{"href":"http:\/\/www.drustvo-distrofikov.si\/index.php?rest_route=\/wp\/v2\/pages"}],"about":[{"href":"http:\/\/www.drustvo-distrofikov.si\/index.php?rest_route=\/wp\/v2\/types\/page"}],"author":[{"embeddable":true,"href":"http:\/\/www.drustvo-distrofikov.si\/index.php?rest_route=\/wp\/v2\/users\/1"}],"replies":[{"embeddable":true,"href":"http:\/\/www.drustvo-distrofikov.si\/index.php?rest_route=%2Fwp%2Fv2%2Fcomments&post=14869"}],"version-history":[{"count":71,"href":"http:\/\/www.drustvo-distrofikov.si\/index.php?rest_route=\/wp\/v2\/pages\/14869\/revisions"}],"predecessor-version":[{"id":21345,"href":"http:\/\/www.drustvo-distrofikov.si\/index.php?rest_route=\/wp\/v2\/pages\/14869\/revisions\/21345"}],"wp:attachment":[{"href":"http:\/\/www.drustvo-distrofikov.si\/index.php?rest_route=%2Fwp%2Fv2%2Fmedia&parent=14869"}],"curies":[{"name":"wp","href":"https:\/\/api.w.org\/{rel}","templated":true}]}}