{"id":16096,"date":"2015-06-04T10:12:29","date_gmt":"2015-06-04T10:12:29","guid":{"rendered":"http:\/\/www.test1dds.si\/?page_id=16096"},"modified":"2021-01-28T15:31:54","modified_gmt":"2021-01-28T13:31:54","slug":"ivo-jakovljevic","status":"publish","type":"page","link":"http:\/\/www.drustvo-distrofikov.si\/?page_id=16096","title":{"rendered":"Ivo Jakovljevi\u010d"},"content":{"rendered":"<div class=\"wpb-content-wrapper\"><p>[vc_row css_animation=&#8221;&#8221; row_type=&#8221;row&#8221; use_row_as_full_screen_section=&#8221;no&#8221; type=&#8221;grid&#8221; angled_section=&#8221;no&#8221; text_align=&#8221;left&#8221; background_image_as_pattern=&#8221;without_pattern&#8221; padding_top=&#8221;77&#8243; padding_bottom=&#8221;48&#8243;][vc_column width=&#8221;1\/3&#8243;][vc_single_image image=&#8221;16578&#8243; img_size=&#8221;medium&#8221; alignment=&#8221;center&#8221; style=&#8221;vc_box_shadow&#8221; qode_css_animation=&#8221;element_from_left&#8221; transition_delay=&#8221;0.3&#8243;][\/vc_column][vc_column width=&#8221;2\/3&#8243;][vc_separator type=&#8221;transparent&#8221;][vc_column_text]<\/p>\n<h2>Ivo Jakovljevi\u010d,\u00a0sekretar<\/h2>\n<p>[\/vc_column_text][vc_column_text]<\/p>\n<p><strong>t:<\/strong> (01) 47-20-550\u00a0\u2666\u00a0<strong>f:<\/strong> (01) 43-28-142\u00a0\u2666\u00a0<strong>e:<\/strong> ivo.jakovljevic@drustvo-distrofikov.si<\/p>\n<p>[\/vc_column_text][vc_separator type=&#8221;small&#8221; position=&#8221;left&#8221; up=&#8221;7&#8243; down=&#8221;38&#8243;][vc_column_text]<\/p>\n<p style=\"text-align: justify;\">Ivo Jakovljevi\u010d se je rodil leta 1967 in svojo rano mladost pre\u017eivel v Grahovem pri Cerknici; \u017ee od leta 1986 pa \u017eivi v Ljubljani. Zaradi narave svoje invalidnosti (SMA III) se je \u017ee v zgodnjem otro\u0161tvu sre\u010dal s posebnimi socialnimi programi, ki jih je dru\u0161tvo ravno v tistem obdobju (takoj po ustanovitvi) za\u010delo izvajati. Ob vzgoji star\u0161ev, stalni podpori prijateljev, u\u010diteljev in profesorjev ter razli\u010dnih strokovnjakov s katerimi se je v \u017eivljenju sre\u010deval, je \u017ee zelo zgodaj svojo invalidnost sprejel kot dejstvo, ki ni nujno ovira za \u017eivljenje polno razli\u010dnih mo\u017enosti za dosego primerne izobrazbe, zaposlitve in splo\u0161ne vklju\u010denosti v \u0161ir\u0161e dru\u017ebeno okolje. Da je bilo navedeno dosegljivo, je nedvomno pripomoglo tudi obdobje osnovne \u0161ole v takratnem ZUIM-u (danes CIRIUS) in srednje\u0161olsko na ekonomski \u0161oli v Kamniku. Vi\u0161jo \u0161olo za poslovne sekretarje je kon\u010dal ob delu na Dru\u0161tvu distrofikov Slovenije v Ljubljani. Skozi te in druge izku\u0161nje si je ustvaril pozitivno podobo o sebi in svoji okolici, kar konstanto prena\u0161a na ljudi okoli sebe in je nedvomno koristno pri njegovem profesionalnem anga\u017eiranju ter privatnem \u017eivljenju.<\/p>\n<p style=\"text-align: justify;\">Sprva kot socialni organizator, nato pa kot sekretar je za splo\u0161no delovanje in izvajanje dru\u0161tvenih posebnih socialnih programov zaposlen od leta 1991. Pri njegovem delu je opazna vsebinska prepletenost \u0161tevilih razli\u010dnih nalog pri planiranju, oblikovanju, vodenju in izvajanju aktivnosti, ki so neizogibne za uspe\u0161no opravljanje nalog sekretarja dru\u0161tva. Je tudi \u010dlan Sveta Fundacije za financiranje invalidskih in humanitarnih organizacij v RS (FIHO), v minulem mandatu predsednik, trenutno pa je \u010dlan Sveta zavoda Prizma Ponikve in \u010dlan upravnega odbora Zveze za \u0161port invalidov Slovenije \u2013 Paraolimpijskega komiteja (Z\u0160IS-POK). Bil je tudi \u010dlan upravnega odbora stanovanjskega sklada pri ZPIZ, dva mandata \u010dlan \u010castnega razsodi\u0161\u010da Socialne zbornice Slovenije ter \u010dlan ve\u010d vladnih in nevladnih komisij in drugih delovnih teles predvsem s podro\u010dja invalidskega varstva. Udele\u017eeval se je \u0161tevilnih kongresov, simpozijev in konferenc doma in v tujini ter na njih aktivno sodeloval, od tam pridobljeno znanje in izku\u0161nje pa smiselno koristi pri svojem delu v prid distrofikov in drugih skupin invalidov. Bil je tudi udele\u017eenec nekaj mednarodnih prostovoljnih mladinskih taborov v tujini, \u0161e ve\u010d pa jih je soorganiziral in vodil v Sloveniji.<\/p>\n<p style=\"text-align: justify;\">Je izrazit optimist, poln energije in dru\u017eaben \u010dlovek. U\u017eiva v potovanjih, naravi, dobrih filmih ali serijah (pa ne mehi\u0161kih in podobnih), fotografiranju in \u0161tevilnih \u0161portih \u2013 predvsem nogometu s poudarkom na Dinamu, Olimpiji in Barceloni. Je tudi aktiven \u010dlan dru\u0161tvene ekipe TroubleMakers v hokeju na elektri\u010dnih invalidskih vozi\u010dkih. Zanj je dan brez smeha izgubljen dan.<\/p>\n<p>[\/vc_column_text][vc_separator type=&#8221;transparent&#8221;]<blockquote class=' with_quote_icon' style='background-color: #dd9933;'><i class='fa fa-quote-right' style='color: #ffffff;'><\/i><h5 class='blockquote-text' style='color: #ffffff;'>Ne glede na to, kako te\u017eko se nam utegne zdeti \u017eivljenje, vedno obstaja nekaj, s \u010demer se lahko ukvarjamo in smo v tem uspe\u0161ni. Stephen Hawking<\/h5><\/blockquote>[\/vc_column][\/vc_row]<\/p>\n<\/div>","protected":false},"excerpt":{"rendered":"<p>[vc_row css_animation=&#8221;&#8221; row_type=&#8221;row&#8221; use_row_as_full_screen_section=&#8221;no&#8221; type=&#8221;grid&#8221; angled_section=&#8221;no&#8221; text_align=&#8221;left&#8221; background_image_as_pattern=&#8221;without_pattern&#8221; padding_top=&#8221;77&#8243; padding_bottom=&#8221;48&#8243;][vc_column width=&#8221;1\/3&#8243;][vc_single_image image=&#8221;16578&#8243; img_size=&#8221;medium&#8221; alignment=&#8221;center&#8221; style=&#8221;vc_box_shadow&#8221; qode_css_animation=&#8221;element_from_left&#8221; transition_delay=&#8221;0.3&#8243;][\/vc_column][vc_column width=&#8221;2\/3&#8243;][vc_separator type=&#8221;transparent&#8221;][vc_column_text] Ivo Jakovljevi\u010d,\u00a0sekretar [\/vc_column_text][vc_column_text] t: (01) 47-20-550\u00a0\u2666\u00a0f: (01) 43-28-142\u00a0\u2666\u00a0e: ivo.jakovljevic@drustvo-distrofikov.si [\/vc_column_text][vc_separator type=&#8221;small&#8221; position=&#8221;left&#8221; up=&#8221;7&#8243; down=&#8221;38&#8243;][vc_column_text] Ivo Jakovljevi\u010d se je rodil leta 1967 in svojo rano mladost pre\u017eivel&#8230;<\/p>\n","protected":false},"author":1,"featured_media":0,"parent":16823,"menu_order":0,"comment_status":"open","ping_status":"open","template":"full_width.php","meta":{"_exactmetrics_skip_tracking":false,"_exactmetrics_sitenote_active":false,"_exactmetrics_sitenote_note":"","_exactmetrics_sitenote_category":0,"footnotes":""},"class_list":["post-16096","page","type-page","status-publish","hentry"],"publishpress_future_action":{"enabled":false,"date":"2026-05-04 02:11:36","action":"change-status","newStatus":"draft","terms":[],"taxonomy":"","extraData":[]},"publishpress_future_workflow_manual_trigger":{"enabledWorkflows":[]},"_links":{"self":[{"href":"http:\/\/www.drustvo-distrofikov.si\/index.php?rest_route=\/wp\/v2\/pages\/16096","targetHints":{"allow":["GET"]}}],"collection":[{"href":"http:\/\/www.drustvo-distrofikov.si\/index.php?rest_route=\/wp\/v2\/pages"}],"about":[{"href":"http:\/\/www.drustvo-distrofikov.si\/index.php?rest_route=\/wp\/v2\/types\/page"}],"author":[{"embeddable":true,"href":"http:\/\/www.drustvo-distrofikov.si\/index.php?rest_route=\/wp\/v2\/users\/1"}],"replies":[{"embeddable":true,"href":"http:\/\/www.drustvo-distrofikov.si\/index.php?rest_route=%2Fwp%2Fv2%2Fcomments&post=16096"}],"version-history":[{"count":1,"href":"http:\/\/www.drustvo-distrofikov.si\/index.php?rest_route=\/wp\/v2\/pages\/16096\/revisions"}],"predecessor-version":[{"id":18873,"href":"http:\/\/www.drustvo-distrofikov.si\/index.php?rest_route=\/wp\/v2\/pages\/16096\/revisions\/18873"}],"up":[{"embeddable":true,"href":"http:\/\/www.drustvo-distrofikov.si\/index.php?rest_route=\/wp\/v2\/pages\/16823"}],"wp:attachment":[{"href":"http:\/\/www.drustvo-distrofikov.si\/index.php?rest_route=%2Fwp%2Fv2%2Fmedia&parent=16096"}],"curies":[{"name":"wp","href":"https:\/\/api.w.org\/{rel}","templated":true}]}}