{"id":16163,"date":"2015-06-04T13:39:41","date_gmt":"2015-06-04T13:39:41","guid":{"rendered":"http:\/\/www.test1dds.si\/?page_id=16163"},"modified":"2016-01-30T18:34:00","modified_gmt":"2016-01-30T16:34:00","slug":"individualne-pomoci","status":"publish","type":"page","link":"http:\/\/www.drustvo-distrofikov.si\/?page_id=16163","title":{"rendered":"Individualne pomo\u010di"},"content":{"rendered":"<div class=\"wpb-content-wrapper\"><p>[vc_row row_type=&#8221;row&#8221; type=&#8221;full_width&#8221; text_align=&#8221;left&#8221; background_color=&#8221;#ffffff&#8221; padding_top=&#8221;20&#8243;][vc_column width=&#8221;1\/1&#8243;][vc_gallery type=&#8221;flexslider_slide&#8221; interval=&#8221;3&#8243; images=&#8221;16549&#8243; onclick=&#8221;link_no&#8221; custom_links_target=&#8221;_self&#8221; column_number=&#8221;2&#8243; grayscale=&#8221;no&#8221; choose_frame=&#8221;default&#8221; img_size=&#8221;full&#8221; images_space=&#8221;gallery_without_space&#8221;][vc_separator type=&#8221;transparent&#8221; position=&#8221;center&#8221; up=&#8221;15&#8243; down=&#8221;10&#8243;][vc_column_text]<\/p>\n<h5>Individualne pomo\u010di<\/h5>\n<p>[\/vc_column_text][vc_separator type=&#8221;small&#8221; position=&#8221;left&#8221; up=&#8221;16&#8243; down=&#8221;12&#8243;][vc_column_text]Program je namenjen prepre\u010devanju in odpravljanju socialnih stisk socialno najbolj ogro\u017eenim distrofikom in njihovim dru\u017einskim \u010dlanom, kar sku\u0161amo dose\u010di s pomo\u010djo razli\u010dnih ukrepov.<\/p>\n<p>&nbsp;<\/p>\n<p>Tako na dr\u017eavni kakor na lokalni ravni, razen na\u0161ega dru\u0161tva, dejansko ni izvajalca, ki bi celovito in kvalitetno zajel specifi\u010dno problematiko distrofikov in jo strokovno ter kvalitetno razre\u0161eval z upo\u0161tevanjem vseh njihovih specifi\u010dnih potreb. Vsekakor pa je v ta namen potrebno upo\u0161tevati celovito socialno problematiko posameznega distrofika in temu prilagoditi na\u0161o pomo\u010d. Dr\u017eava pri dolo\u010danju vi\u0161ine socialnih transferjev ne upo\u0161teva pove\u010danih stro\u0161kov, ki so povezani z invalidnostjo, ki jih imajo distrofiki ter njihove dru\u017eine. \u010cedalje manj pa je invalidom naklonjena tudi dav\u010dna politika dr\u017eave. Upravi\u010denost programa je predvsem v takoj\u0161njem nudenju ustrezne socialne pomo\u010di, da ne bi pri\u0161lo do poglabljanja socialnih stisk. Izku\u0161nje ka\u017eejo, da se mnogi distrofiki obra\u010dajo na nas potem, ko so \u017ee iz\u010drpali vse pravice iz javne mre\u017ee socialno varstvenih storitev.[\/vc_column_text][vc_separator type=&#8221;transparent&#8221; position=&#8221;center&#8221; width_in_percentages=&#8221;&#8221; down=&#8221;30&#8243;][\/vc_column][\/vc_row]<\/p>\n<\/div>","protected":false},"excerpt":{"rendered":"<p>[vc_row row_type=&#8221;row&#8221; type=&#8221;full_width&#8221; text_align=&#8221;left&#8221; background_color=&#8221;#ffffff&#8221; padding_top=&#8221;20&#8243;][vc_column width=&#8221;1\/1&#8243;][vc_gallery type=&#8221;flexslider_slide&#8221; interval=&#8221;3&#8243; images=&#8221;16549&#8243; onclick=&#8221;link_no&#8221; custom_links_target=&#8221;_self&#8221; column_number=&#8221;2&#8243; grayscale=&#8221;no&#8221; choose_frame=&#8221;default&#8221; img_size=&#8221;full&#8221; images_space=&#8221;gallery_without_space&#8221;][vc_separator type=&#8221;transparent&#8221; position=&#8221;center&#8221; up=&#8221;15&#8243; down=&#8221;10&#8243;][vc_column_text] Individualne pomo\u010di [\/vc_column_text][vc_separator type=&#8221;small&#8221; position=&#8221;left&#8221; up=&#8221;16&#8243; down=&#8221;12&#8243;][vc_column_text]Program je namenjen prepre\u010devanju in odpravljanju socialnih stisk socialno najbolj ogro\u017eenim distrofikom in njihovim dru\u017einskim \u010dlanom, kar sku\u0161amo&#8230;<\/p>\n","protected":false},"author":1,"featured_media":0,"parent":16130,"menu_order":0,"comment_status":"open","ping_status":"open","template":"","meta":{"_exactmetrics_skip_tracking":false,"_exactmetrics_sitenote_active":false,"_exactmetrics_sitenote_note":"","_exactmetrics_sitenote_category":0,"footnotes":""},"class_list":["post-16163","page","type-page","status-publish","hentry"],"publishpress_future_action":{"enabled":false,"date":"2026-05-05 03:59:27","action":"change-status","newStatus":"draft","terms":[],"taxonomy":"","extraData":[]},"publishpress_future_workflow_manual_trigger":{"enabledWorkflows":[]},"_links":{"self":[{"href":"http:\/\/www.drustvo-distrofikov.si\/index.php?rest_route=\/wp\/v2\/pages\/16163","targetHints":{"allow":["GET"]}}],"collection":[{"href":"http:\/\/www.drustvo-distrofikov.si\/index.php?rest_route=\/wp\/v2\/pages"}],"about":[{"href":"http:\/\/www.drustvo-distrofikov.si\/index.php?rest_route=\/wp\/v2\/types\/page"}],"author":[{"embeddable":true,"href":"http:\/\/www.drustvo-distrofikov.si\/index.php?rest_route=\/wp\/v2\/users\/1"}],"replies":[{"embeddable":true,"href":"http:\/\/www.drustvo-distrofikov.si\/index.php?rest_route=%2Fwp%2Fv2%2Fcomments&post=16163"}],"version-history":[{"count":0,"href":"http:\/\/www.drustvo-distrofikov.si\/index.php?rest_route=\/wp\/v2\/pages\/16163\/revisions"}],"up":[{"embeddable":true,"href":"http:\/\/www.drustvo-distrofikov.si\/index.php?rest_route=\/wp\/v2\/pages\/16130"}],"wp:attachment":[{"href":"http:\/\/www.drustvo-distrofikov.si\/index.php?rest_route=%2Fwp%2Fv2%2Fmedia&parent=16163"}],"curies":[{"name":"wp","href":"https:\/\/api.w.org\/{rel}","templated":true}]}}