{"id":16223,"date":"2015-06-11T12:04:21","date_gmt":"2015-06-11T12:04:21","guid":{"rendered":"http:\/\/www.test1dds.si\/?page_id=16223"},"modified":"2016-01-30T17:29:23","modified_gmt":"2016-01-30T15:29:23","slug":"pogosta-vprasanja","status":"publish","type":"page","link":"http:\/\/www.drustvo-distrofikov.si\/?page_id=16223","title":{"rendered":"Pogosta vpra\u0161anja"},"content":{"rendered":"<p><strong>1. Kako uveljavljati oprostitev pla\u010dila letnega povra\u010dila za uporabo cest?<\/strong><\/p>\n<p>Oprostitev pla\u010dila letne dajatve se lahko uveljavi za osebna vozila z motorjem delovne prostornine bencinskega motorja do vklju\u010dno 1800 ccm in dizelskega motorja do vklju\u010dno 1900 ccm, osebna vozila z avtomatskim menjalnikom z delovno prostornino bencinskega motorja do vklju\u010dno 2000 ccm in dizelskega motorja do vklju\u010dno 2200 ccm ter za osebna vozila, prirejena za prevoz invalidke oziroma invalida\u00a0 na invalidskem vozi\u010dku, pod pogojem, da se vozila iz tega odstavka uporabljajo za prevoz:<\/p>\n<ul>\n<li>oseb, pri katerih je ugotovljena najmanj 80 % telesna okvara ali 80 % vojna invalidnost, ter oseb, pri katerih je zaradi izgube, okvare ali paraliziranosti spodnjih okon\u010din ali medenice ugotovljena najmanj 60 % telesna okvara ali 60 %\u00a0vojna invalidnost;<\/li>\n<li>oseb, ki so popolnoma izgubile vid na obeh o\u010desih;<\/li>\n<li>oseb z zmerno, te\u017ejo ali te\u017eko telesno ali du\u0161evno prizadetostjo, ki jim je priznana invalidnost po predpisih o dru\u017ebenem varstvu telesno in du\u0161evno prizadetih oseb in<\/li>\n<li>otrok z motnjami v telesnem in du\u0161evnem razvoju, ki jih zdravstveni zavodi spremljajo kot rizi\u010dne v razvoju.<\/li>\n<\/ul>\n<p>Vloga za oprostitev pla\u010dila letne dajatve za vozila za prevoz invalidov se vlo\u017ei pri katerikoli upravni enoti v pisni ali elektronski obliki.<\/p>\n<p>Vloga za uveljavljanje oprostitve pla\u010dila letne dajatve za vozila za prevoz invalidov se lahko vlo\u017ei tudi pri nosilcu javnega pooblastila za registracijo vozil, dolo\u010denem na podlagi zakona, ki ureja varnost\u00a0cestnega \u00a0prometa.<\/p>\n<p>&nbsp;<\/p>\n<p><strong>2) Oprostitev pla\u010dila letne dajatve za vozila za prevoz invalidov se uveljavlja na podlagi:<\/strong><\/p>\n<ul>\n<li>Odlo\u010dbe izdane na podlagi mnenja izvedenskega organa Zavoda za pokojninsko in invalidsko zavarovanje Slovenije, oziroma odlo\u010dbe, izdane na podlagi predpisov o vojnih invalidih, upo\u0161tevajo\u010d izvid in mnenje pristojne zdravni\u0161ke komisije.<\/li>\n<li>Oprostitev pla\u010dila letne dajatve se za polnoletne upravi\u010denke, oziroma upravi\u010dence uveljavlja na podlagi odlo\u010dbe o priznanem statusu invalida v skladu s predpisi o dru\u017ebenem varstvu telesno in du\u0161evno prizadetih oseb.<\/li>\n<li>Za mladoletne upravi\u010dence se oprostitev uveljavlja na podlagi odlo\u010dbe pristojnega centra za socialno delo, izdane na podlagi izvedenskega mnenja o razvr\u0161\u010danju otrok in mladostnikov, oziroma odlo\u010dbe o usmeritvi, ki jo izda obmo\u010dna enota zavoda Republike Slovenije za \u0161olstvo, izdane na podlagi strokovnega mnenja Komisije za usmerjanje otrok s posebnimi potrebami.<\/li>\n<li>\u2026potrdila, ki ne sme biti starej\u0161e od \u0161estih mesecev, zdravstvenega doma oziroma pravne ali fizi\u010dne osebe s koncesijo za opravljanje specialisti\u010dne pediatri\u010dne dejavnosti\u00a0\u00a0ali na podlagi odlo\u010dbe pristojnega centra za socialno delo o priznanju dodatka za nego otroka.<\/li>\n<\/ul>\n<p>Oprostitev pla\u010dila letne dajatve lahko polnoletni upravi\u010denec uveljavlja za eno vozilo, registrirano na svoje ime. Za poslovno nesposobne polnoletne upravi\u010dence lahko oprostitev\u00a0 pla\u010dila letne dajatve za eno vozilo, registrirano na svoje ime uveljavlja upravi\u010dencev skrbnik, pri katerem upravi\u010denec \u017eivi. Za mladoletne upravi\u010dence lahko oprostitev pla\u010dila letne dajatve za eno vozilo, registrirano na svoje ime, uveljavljajo upravi\u010den\u010devi star\u0161i, kadar otrok ne\u00a0\u017eivi pri obeh star\u0161ih, pa tisti od star\u0161ev, pri katerem otrok \u017eivi, oziroma druga oseba, ki doka\u017ee, da otrok \u017eivi pri njej.<\/p>\n<p>&nbsp;<\/p>\n<p><strong>3) Kdo se lahko v\u010dlani v dru\u0161tvo?<\/strong><\/p>\n<p>Redni \u010dlan dru\u0161tva lahko postane vsak dr\u017eavljan Republike Slovenije, kdor ima katero od oblik mi\u0161i\u010dno in \u017eiv\u010dno-mi\u0161i\u010dnih obolenj, ki povzro\u010dajo invalidnost, zaradi katere ne more sam delno ali v celoti zadovoljevati potreb osebnega, dru\u017einskega in dru\u017ebenega \u017eivljenja. Seznam diagnoz, ki opredeljuje distrofike z okvarami spodnjega motori\u010dnega nevrona, sprejme ob\u010dni zbor dru\u0161tva.<\/p>\n<p>Podporni \u010dlan lahko postane vsak dr\u017eavljan Republike Slovenije, ki izra\u017ea skrb za so\u010dloveka s tem, da prostovoljno deluje v korist distrofikov. Tudi tuj dr\u017eavljan se lahko v\u010dlani pod enakimi pogoji. Posameznik, ki se \u017eeli v\u010dlaniti v dru\u0161tvo, izpolni pristopnico in poda pisno izjavo, da se strinja s statutom dru\u0161tva.<\/p>\n<p>&nbsp;<\/p>\n<p><strong>4) Kako pridobim\u00a0invalidski znak za parkiranje?<\/strong><\/p>\n<p>Od 3.5.2006 velja nov pravilnik o parkirni karti (objava v Uradnem listu RS \u0161t. 41\/2006 z dne 18.4.2006). Upravi\u010denci do uporabe posebnega znaka oziroma parkirne karte so dolo\u010deni v 53. \u010dlenu Zakona o varnosti v cestnem prometu, in sicer so to:<\/p>\n<ul>\n<li>osebe, ki imajo zaradi izgube, okvare ali paraliziranosti spodnjih ali zgornjih okon\u010din ali medenice priznano najmanj 60 % telesno okvaro, osebe z multiplo sklerozo in osebe z mi\u0161i\u010dnimi in \u017eiv\u010dno mi\u0161i\u010dnimi obolenji z ocenjeno najmanj 30 % telesno okvaro;<\/li>\n<li>te\u017eko telesno prizadete osebe, ki jim je zaradi tega priznana invalidnost po predpisih o varstvu telesno in du\u0161evno prizadetih oseb;<\/li>\n<li>te\u017eko du\u0161evno prizadete osebe, ki jim je zaradi tega priznana invalidnost po predpisih o varstvu telesno in du\u0161evno prizadetih oseb;<\/li>\n<li>spremljevalci, ki vozijo in spremljajo osebe iz prve ali druge alinee ali slepe osebe, ki same ne morejo voziti motornega vozila;<\/li>\n<li>spremljevalci, ki vozijo in spremljajo mladoletne osebe, ki so te\u017eko telesno ali du\u0161evno prizadete oziroma so zaradi izgube, okvare, paraliziranosti spodnjih okon\u010din ali medenice ovirana pri gibanju.<\/li>\n<\/ul>\n<p>Do parkirne karte so upravi\u010deni tudi zdravstveni delavci, delavci socialnih slu\u017eb in delavci invalidskih organizacij, kadar obiskujejo oskrbovance (bolnike, invalide, ostarele) na domu zaradi nujnih in neodlo\u017eljivih storitev, potrebnih za njihovo zdravje in \u017eivljenje.<\/p>\n<p>Upravi\u010denci do parkirne karte smejo za najve\u010d dve uri parkirati vozila na krajih, kjer to sicer ni dovoljeno, \u010de tako parkirano vozilo ne ogro\u017ea drugih udele\u017eencev v cestnem prometu in jih ne ovira. Kadar upravi\u010denec parkira vozilo na plo\u010dniku, mora pustiti prost najmanj 1,60 m \u0161irok del plo\u010dnika za pe\u0161ce, ki ne sme mejiti na vozi\u0161\u010de. Upravi\u010denci \u2013 invalidi smejo vozilo parkirati na parkirnih mestih, ozna\u010denih oziroma rezerviranih za invalide. V vseh na\u0161tetih primerih mora upravi\u010denec ozna\u010diti parkirano vozilo z veljavnim posebnim znakom za ustavljanje in parkiranje oziroma\u00a0 parkirno karto, in sicer tako, da jo namesti na vidno mesto na levi notranji strani vetrobranskega stekla.<\/p>\n<p>Zahtevek za izdajo parkirne karte posameznik vlo\u017ei na upravni enoti na obmo\u010dju, kjer ima prijavljeno stalno oziroma za\u010dasno bivali\u0161\u010de.<\/p>\n<p>Vlogi za izdajo parkirne karte je potrebno prilo\u017eiti:<\/p>\n<ul>\n<li>odlo\u010dbo o invalidnosti, iz katere je nedvoumno razvidna upravi\u010denost, oziroma (\u010de odlo\u010dba ni bila izdana) potrdilo izbranega osebnega zdravnika o izpolnjevanju pogojev iz 53. \u010dlena Zakona o varnosti v cestnem prometu,<\/li>\n<li>dve fotografiji upravi\u010denca (Fotografiji ne smeta biti izdelani z napravo za samopostre\u017eno fotografiranje),<\/li>\n<li>dokazilo o istovetnosti (veljaven osebni dokument, npr. osebna izkaznica, vozni\u0161ko dovoljenje&#8230;),<\/li>\n<li>v postopkih za zamenjavo stare parkirne karte z novo, se prilo\u017ei tudi stara parkirna karta.<\/li>\n<\/ul>\n<p>Za izdajo parkirne karte mora posameznik pla\u010dati le stro\u0161ke izdelave parkirne karte oziroma znaka in pripadajo\u010dega potrdila za uporabo znaka (cca. 2 EUR), sicer pa je zahtevek opro\u0161\u010den pla\u010dila upravne takse.<\/p>\n<p>&nbsp;<\/p>\n<p><strong>5) Ali imam pri nakupu avtomobila kak\u0161ne olaj\u0161ave?<\/strong><\/p>\n<p>Od motornih vozil, ki se dajo prvi\u010d v promet (prodajo) oziroma se prvi\u010d registrirajo na obmo\u010dju Republike Slovenije, se mora pla\u010dati davek na motorna vozila. Vi\u0161ina davka na motorna vozila je odvisna od prodajne vrednosti vozila in zna\u0161a od 1% do 13%. Zakon dolo\u010da oprostitev pla\u010dila tega davka od vozil, ki so nabavljena za prevoz invalidov, in sicer:<\/p>\n<ul>\n<li>od enega novega osebnega avtomobila z delovno prostornino bencinskega motorja do 1,8 l in dieselskega motorja do 1,9 l oziroma z delovno prostornino bencinskega motorja do 2 l in dieselskega motorja do 2,2 l za novi osebni avtomobil z avtomatskim upravljanjem ter<\/li>\n<li>od kombi vozila, posebej prirejenega za prevoz invalidov na invalidskem vozi\u010dku, ki ga najve\u010d enkrat v 5 letih kupijo invalidske organizacije in osebe, ki imajo vozni\u0161ko dovoljenje ali jim je potrebna pomo\u010d drugih oseb, ki imajo vozni\u0161ko dovoljenje.<\/li>\n<\/ul>\n<p>Osebe, ki jim je oprostitev namenjena so:<\/p>\n<ul>\n<li>osebe, pri katerih je zaradi izgube, okvare ali paraliziranosti spodnjih okon\u010din ali medenice nastala najmanj 80% telesna okvara. (Oprostitev se uveljavlja na podlagi odlo\u010dbe o telesni okvari, ki jo izda Zavod za pokojninsko in invalidsko zavarovanje Slovenije);<\/li>\n<li>osebe, ki so popolnoma izgubile vid na obeh o\u010desih;<\/li>\n<li>osebe z zmerno, te\u017ejo ali te\u017eko telesno ali du\u0161evno prizadetostjo, ki jim je priznana invalidnost po Zakonu o dru\u017ebenem varstvu telesno in du\u0161evno prizadetih oseb (Oprostitev se uveljavlja na podlagi odlo\u010dbe o priznanem statusu invalida oziroma odlo\u010dbe, izdane na podlagi izvedenskega mnenja o razvr\u0161\u010danju otrok in mladostnikov z motnjami v telesnem in du\u0161evnem razvoju. Te odlo\u010dbe izdaja Center za socialno delo);<\/li>\n<li>otroci z motnjami v telesnem in du\u0161evnem razvoju, ki jih zdravstveni zavodi spremljajo kot rizi\u010dne v razvoju. (Oprostitev se uveljavlja na podlagi potrdila zdravstvenega doma oziroma drugega zavoda, ki opravlja specialisti\u010dno pediatri\u010dno dejavnost).<\/li>\n<\/ul>\n<p>Oprostitev se uveljavlja z vlogo za povra\u010dilo davka, ki je bil pla\u010dan ob nakupu vozila. Vlogo se posreduje pristojnemu dav\u010dnemu organu (dav\u010dni urad na obmo\u010dju stalnega prebivali\u0161\u010da upravi\u010denca). Vlogi se prilo\u017ei ra\u010dun za vozilo in ustrezno dokazilo o invalidnosti (glej zgornji odstavek). <strong>Pozor: Na ra\u010dunu mora biti obra\u010dunan znesek davka na motorna vozila, sicer je te\u017eko razvidno, da gre za prvo prodajo vozila!<\/strong> Pristojni dav\u010dni organ je dol\u017ean vrniti pla\u010dani davek iz tega zakona v 15 dneh po prejemu zahtevka. V prometno dovoljenje tako kupljenega oziroma uvo\u017eenega avtomobila se vpi\u0161e, da je upravi\u010denec uveljavljal povra\u010dilo davka. \u010ce invalidska organizacija, invalid oziroma njegovi star\u0161i ali skrbniki prodajo osebni avtomobil ali ga brezpla\u010dno ali kako druga\u010de odtujijo pred potekom petletnega roka od dneva nakupa, morajo pla\u010dati davek. Izjemoma se lahko avtomobil proda prej kot v petih letih, \u010de je bil po\u0161kodovan v prometni nesre\u010di za ve\u010d kot 70% tr\u017ene vrednosti avtomobila na dan nesre\u010de. \u010ce invalid umre pred potekom petletnega roka od dneva nakupa oziroma uvoza avtomobila, smejo zakoniti dedi\u010di prodati osebni avtomobil, ki so ga podedovali, ne da bi pla\u010dali davek.<br \/>\n\u010ce upravi\u010denec (invalid) sam ni voznik, lahko v njegovem imenu avtomobil vozijo star\u0161i oziroma skrbnik ali osebe, ki imajo pisno pooblastilo upravi\u010denca, njegovih star\u0161ev oziroma skrbnika. \u010ce ima voznik pooblastilo, stalna navzo\u010dnost invalida v motornem vozilu ni obvezna.<\/p>\n<p>&nbsp;<\/p>\n<p><strong>6) Kako je z odmero dohodnine?<\/strong><\/p>\n<p>Dohodnina je davek, ki se zavezancu odmeri enkrat letno na podlagi njegovih osebnih prejemkov, dohodkov iz kmetijstva, dohodkov iz dejavnosti, dohodkov iz kapitala, premo\u017eenja in premo\u017eenjskih pravic. Pri odmeri dohodnine so predvidene slede\u010de olaj\u0161ave:<\/p>\n<ul>\n<li>invalidom s 100% telesno okvaro, \u010de jim je bila priznana pravica do tuje nege in pomo\u010di, se osnova za dohodnino zmanj\u0161a za letno povpre\u010dno pla\u010do zaposlenih v Republiki Sloveniji v letu, za katero se dohodnina odmerja. Olaj\u0161ava se uveljavlja na podlagi odlo\u010dbe Zavoda za pokojninsko in invalidsko zavarovanje Slovenije, Centra za socialno delo ali ob\u010dinskega upravnega organa, pristojnega za varstvo borcev in voja\u0161kih invalidov;<\/li>\n<li>star\u0161i lahko za otroka z zmerno, te\u017ejo in te\u017eko motnjo v telesnem in du\u0161evnem razvoju uveljavljajo olaj\u0161avo v vi\u0161ini 50 % letne povpre\u010dne pla\u010de zaposlenih v Republiki Sloveniji;<\/li>\n<li>zavezancem, ki vzdr\u017eujejo dru\u017einske \u010dlane, se prizna posebna olaj\u0161ava, ki zna\u0161a 10% letne povpre\u010dne pla\u010de zaposlenih v Republiki Slovenije;<\/li>\n<li>med izdatki, ki se upo\u0161tevajo pri 3% zmanj\u0161anju dohodninske osnove, zakon navaja tudi sredstva, porabljena za odpravo arhitekturnih in komunikacijskih ovir za invalida v objektih (hi\u0161i ali stanovanju) ter znesek sredstev, vlo\u017eenih v nakup zdravil, zdravstvenih in ortopedskih pripomo\u010dkov.<\/li>\n<\/ul>\n<p>Zakon izrecno dolo\u010da tudi osebne dohodke zavezanca, od katerih se davek ne pla\u010duje. To so dohodki:<\/p>\n<ul>\n<li>iz naslova nadomestila za invalidnost, ki ga prejemajo osebe po predpisih o dru\u017ebenem varstvu du\u0161evno in telesno prizadetih oseb, ter od dodatka za pomo\u010d in postre\u017ebo po predpisih o pokojninskem in invalidskem zavarovanju,<\/li>\n<li>iz naslova pla\u010dil za delo med rehabilitacijo,<\/li>\n<li>od ob\u010dasnega dela invalidov, ki so vklju\u010deni v institucionalno varstvo po zakonu o socialnem varstvu,<\/li>\n<li>po predpisih o voja\u0161kih invalidih in civilnih invalidih vojn,<\/li>\n<li>za ob\u010dasno ali za\u010dasno nego ali pomo\u010d invalidom, ki jih fizi\u010dnim osebam izpla\u010dujejo invalidske\u00a0organizacije (Ti prejemki v zakonu o dohodnini, ki se je za\u010del uporabljati 1.1.2005 niso ve\u010d<br \/>\nizvzeti iz obdav\u010ditve!!).<\/li>\n<\/ul>\n<p>&nbsp;<\/p>\n<p><strong>7) Ali sem kot invalid pri urejanju upravnih zadev opro\u0161\u010den pla\u010dila takse?<\/strong><\/p>\n<p><strong>\u00a0<\/strong>Zakon o upravnih taksah dolo\u010da, da so pla\u010devanja taks opro\u0161\u010deni naslednji upravi\u010denci:<\/p>\n<ul>\n<li>invalidi, za katere je dolo\u010deno v zdravstvenem spri\u010devalu, da smejo voziti le prirejeno vozilo \u2013 v postopku za pripustitev k vozni\u0161kemu izpitu, za vozni\u0161ko dovoljenje in za izdajo ter podalj\u0161anje veljavnosti vozni\u0161kega in prometnega dovoljenja;<\/li>\n<li>dobrodelne in invalidske organizacije ter organizacije za samopomo\u010d \u2013 za dokumente in dejanja v zvezi z izvajanjem namena, za katerega so ustanovljene;<\/li>\n<li>dru\u0161tva, ki jim je podeljen status dru\u0161tva v javnem interesu \u2013 za dokumente in dejanja v zvezi z opravljanjem njihovih dejavnosti, ki so v javnem interesu;<\/li>\n<li>taksni zavezanci \u2013 posamezniki v slabih premo\u017eenjskih razmerah (med te zakon uvr\u0161\u010da tudi \u2013 prejemnike nadomestila za invalidnost po predpisih, ki urejajo varstvo odraslih telesno in du\u0161evno prizadetih oseb).<\/li>\n<\/ul>\n<p>Za dolo\u010dene zadeve pa se taksa ne obra\u010duna, in sicer za:<\/p>\n<ul>\n<li>dokumente in dejanja za uveljavitev pravic iz obveznega pokojninskega in invalidskega ter zdravstvenega zavarovanja;<\/li>\n<li>dokumente in dejanja za uveljavitev socialno-varstvenih pravic;<\/li>\n<li>dokumente in dejanja v postopku za uveljavitev pravic, ki so z zakonom priznane invalidom, vojnim veteranom in \u017ertvam vojnega nasilja.<\/li>\n<\/ul>\n<p><strong>\u00a0<\/strong><\/p>\n<p><strong>8) Kdo je opro\u0161\u010den pla\u010dila RTV prispevka?<\/strong><\/p>\n<p><strong>\u00a0<\/strong>Zakon o Radioteleviziji Slovenija dolo\u010da, da lahko uveljavljajo oprostitev pla\u010dila RTV-prispevka naslednje kategorije fizi\u010dnih oseb:<\/p>\n<ul>\n<li>socialno ogro\u017eeni;<\/li>\n<li>invalidi, ki imajo ugotovljeno 100% telesno okvaro;<\/li>\n<li>invalidi z ni\u017ejim odstotkom ugotovljene telesne okvare, toda le v primeru, \u010de prejemajo dodatek za pomo\u010d in postre\u017ebo ali tujo nego in pomo\u010d;<\/li>\n<li>osebe, ki so trajno izgubile sluh.<\/li>\n<\/ul>\n<p>Za socialno ogro\u017eene \u0161tejejo prejemniki denarne socialne pomo\u010di in varstvenega dodatka na podlagi odlo\u010dbe Centra za socialno delo. Opro\u0161\u010deni so za enako obdobje, za katero so upravi\u010deni do prejemanja socialne pomo\u010di oz. varstvenega dodatka.<\/p>\n<p>Iz razloga invalidnosti lahko zavezanci uveljavljajo oprostitev le na podlagi odlo\u010dbe Zavoda za pokojninsko in invalidsko zavarovanje Slovenije ali drugega organa, ki ugotavlja stopnjo invalidnosti. Za gluhe osebe, pri katerih odlo\u010dba ali sklep ne potrjujeta trajne izgube sluha, potrebujemo za obravnavo vloge tudi izvedensko mnenje, na podlagi katerega sta bila odlo\u010dba ali sklep izdana. Oprostitev iz razloga invalidnosti je trajna.<\/p>\n<p>Oprostitev pla\u010dila ni prenosljiva, zato je potrebno v primeru, da pogoje izpolnjuje dru\u017einski \u010dlan, ki ni zavezanec za pla\u010dilo RTV-prispevka, najprej urediti spremembo pla\u010dnika (obrazec \u00bb<a href=\"http:\/\/www.rtvslo.si\/files\/RTV_prispevek\/05\/pd2.pdf\">Sprememba pla\u010dnika med \u010dlani dru\u017eine<\/a>\u00ab je dostopen na spletni strani www.rtvslo.si).<\/p>\n<p>\u010ce izpolnjujete zgoraj navedene pogoje lahko podate vlogo na naslednjem obrazcu\u00a0<a href=\"http:\/\/www.rtvslo.si\/files\/RTV_prispevek\/06\/oprostitev.pdf\">Vloga za oprostitev<\/a> (obrazec je dostopen na spletni strani <a href=\"http:\/\/www.rtvslo.si\">www.rtvslo.si<\/a>).<\/p>\n<p>&nbsp;<\/p>\n<p><strong>9) Kako urejati pravico do sofinanciranja prilagoditve vozila za gibalno oviranega invalida?<\/strong><\/p>\n<p>11.10.2014 je pri\u010del veljati<strong> Pravilnik o tehni\u010dnih pripomo\u010dkih in prilagoditvi vozila<\/strong>, na katerega smo \u017ee zelo dolgo \u010dakali. Pravilnik prina\u0161a mo\u017enost pridobitve razli\u010dnih tehni\u010dnih pripomo\u010dkov za senzorne invalide (slepi, slabovidni, gluhi, naglu\u0161ni in gluhoslepi) ter mo\u017enosti prilagoditve vozila za gibalno ovirane. V njem so podrobneje obrazlo\u017eeni pogoji za pridobitev tehni\u010dnih pripomo\u010dkov in prilagoditve vozila, doba trajanja, standardi kakovosti teh pripomo\u010dkov in prilagoditev, na\u010din vzdr\u017eevanja in vrednost posameznega tehni\u010dnega pripomo\u010dka oziroma prilagoditve vozila.\u00a0 Gre torej za novosti, ki so zanimive tudi za na\u0161e \u010dlane. Podlaga za sprejem Pravilnika je <strong>Zakon o izena\u010devanju mo\u017enosti invalidov (ZIMI)<\/strong>, ki tudi daje pravico do uporabe komunikacijskih in drugih pripomo\u010dkov za la\u017eje vklju\u010devanje v procese izobra\u017eevanja, zaposlovanja ter tudi nasploh v vsakdanje \u017eivljenje. Sestavni del pravilnika sta <strong>Lista tehni\u010dnih pripomo\u010dkov <\/strong>in <strong>Lista prilagoditev vozila<\/strong>, kjer so navedeni vsi pripomo\u010dki, prilagoditve ter pripadajo\u010di podatki o merilih in vrednosti.<\/p>\n<p>Pravice se uveljavlja z vlogo na upravni enoti. Obrazec vloge ni predpisan, lahko pa za pomo\u010d njen vzorec dobite na spletni strani Ministrstva za delo, dru\u017eino, socialne zadeve in enake mo\u017enosti, kakor tudi vse ostale podrobnej\u0161e informacije o uveljavljanju pravice do tehni\u010dnega pripomo\u010dka ali prilagoditve vozila (<a href=\"http:\/\/www.mddsz.gov.si\/si\/\">http:\/\/www.mddsz.gov.si\/si\/<\/a>).<\/p>\n<p>&nbsp;<\/p>\n<p><strong>10) Oprostitev pla\u010dila turisti\u010dne takse za invalide?<\/strong><\/p>\n<p>Na podlagi tretje in \u010detrte alinee 27. \u010dlena Zakona o spodbujanju razvoja turizma (UL 2\/2004 in 57\/2012) so pla\u010dila turisti\u010dne takse opro\u0161\u010deni:<\/p>\n<ul>\n<li>osebe na podlagi predlo\u017eitve fotokopije odlo\u010dbe pristojnega organa, iz katere je razvidno, da je pri zavarovancu oziroma zavarovanki podana invalidnost oziroma telesna okvara ali fotokopije potrdila oziroma izvedenskega mnenja pristojne komisije o ugotavljanju invalidnosti oziroma telesni okvari ali na podlagi \u010dlanske izkaznice invalidske organizacije,<\/li>\n<li>otroci in mladostniki na podlagi predlo\u017eitve fotokopije odlo\u010dbe, ki zadeva razvr\u0161\u010danje in usmerjanje otrok s posebnimi potrebami.<strong>\u00a0<\/strong><\/li>\n<\/ul>\n<p>&nbsp;<\/p>\n<p><strong>11) Nova socialna zakonodaja<\/strong><\/p>\n<p><strong>Zakon<\/strong> <strong>o uveljavljanju pravic iz javnih sredstev<\/strong> (Uradni list RS, \u0161t. <a href=\"http:\/\/www.uradni-list.si\/1\/content?id=99290\">62\/2010<\/a>,\u00a0<a href=\"http:\/\/www.uradni-list.si\/1\/content?id=103821\">40\/2011<\/a>, 40\/2012-ZUJF, 57\/2012-ZPCP-2D, 14\/2013) in <strong>Zakon o socialno varstvenih prejemkih <\/strong>(Uradni list RS, \u0161t. 61\/2010, 40\/2011, 110\/2011-ZDIU12, 40\/2012-ZUJF, 14\/2013) omogo\u010data uveljavljanje socialno varstvenih pravic, ki so <strong>denarni prejemki<\/strong> ter <strong>subvencije in zni\u017eana pla\u010dila<\/strong>.<\/p>\n<p>Vse pravice iz javnih sredstev se <strong>uveljavljajo pri centru za socialno delo<\/strong> (CSD). Pravice uveljavljate na predpisani enotni vlogi za pridobitev pravic do denarnih prejemkov, subvencij oziroma zni\u017eanih pla\u010dil. Vloga je dostopna na spletnih straneh Ministrstva za delo, dru\u017eino, socialne zadeve in enake mo\u017enosti, na centrih za socialno delo, na portalu e-uprava in v knjigarnah. Vlogo vlo\u017eite <strong>pri centru za socialno delo, kjer imate stalno prebivali\u0161\u010de<\/strong> oziroma kjer ve\u010dina oseb dejansko prebiva\u00a0(\u010de imajo stalno oziroma za\u010dasno\u00a0prebivali\u0161\u010de na razli\u010dnih naslovih), in sicer <strong>osebno<\/strong>, <strong>po po\u0161ti<\/strong> ali <strong>elektronsko<\/strong> preko portala <a href=\"http:\/\/e-uprava.gov.si\/storitve\/pridobiVlogo.esju?id=1468\">e-uprava<\/a>.<\/p>\n<p>&nbsp;<\/p>\n<p><strong>Denarne prejemke<\/strong> je vlagatelj dol\u017ean uveljavljati <strong>v naslednjem zaporedju:<\/strong><\/p>\n<ol>\n<li><a href=\"http:\/\/www.mddsz.gov.si\/si\/delovna_podrocja\/druzina\/starsevsko_varstvo_in_druzinski_prejemki\/druzinski_prejemki\/otroski_dodatek\/\">otro\u0161ki dodatek<\/a>,<\/li>\n<li><a href=\"http:\/\/www.mddsz.gov.si\/si\/delovna_podrocja\/sociala\/denarna_socialna_pomoc\/\">denarna socialna pomo\u010d<\/a>,<\/li>\n<li><a href=\"http:\/\/www.mddsz.gov.si\/si\/uveljavljanje_pravic\/nova_socialna_zakonodaja\/varstveni_dodatek\/\">varstveni dodatek<\/a>,<\/li>\n<li><a href=\"http:\/\/www.mddsz.gov.si\/si\/delovna_podrocja\/trg_dela_in_zaposlovanje\/stipendije\/drzavne_stipendije\/\">dr\u017eavna \u0161tipendija<\/a>.<\/li>\n<\/ol>\n<p>&nbsp;<\/p>\n<p><strong>Subvencije in zni\u017eana pla\u010dila, ki jih lahko uveljavite:<\/strong><\/p>\n<ul>\n<li><a href=\"http:\/\/www.mddsz.gov.si\/si\/uveljavljanje_pravic\/nova_socialna_zakonodaja\/znizano_placilo_vrtca\/\">zni\u017eano pla\u010dilo vrtca<\/a>,<\/li>\n<li><a href=\"http:\/\/www.mddsz.gov.si\/si\/uveljavljanje_pravic\/nova_socialna_zakonodaja\/dodatna_subvencija_malice_za_ucence_in_dijake\/\">dodatna subvencija malice za u\u010dence in dijake<\/a>,<\/li>\n<li><a href=\"http:\/\/www.mddsz.gov.si\/si\/uveljavljanje_pravic\/nova_socialna_zakonodaja\/subvencija_kosila_za_ucence\/\">subvencija kosila za u\u010dence<\/a>,<\/li>\n<li><a href=\"http:\/\/www.mddsz.gov.si\/si\/uveljavljanje_pravic\/nova_socialna_zakonodaja\/oprostitev_placila_socialnovarstvenih_storitev\/\">oprostitev pla\u010dila socialnovarstvenih storitev<\/a>,<\/li>\n<li><a href=\"http:\/\/www.mddsz.gov.si\/si\/uveljavljanje_pravic\/nova_socialna_zakonodaja\/prispevek_k_placilu_druzinskega_pomocnika\/\">prispevek k pla\u010dilu dru\u017einskega pomo\u010dnika<\/a>,<\/li>\n<li><a href=\"http:\/\/www.mddsz.gov.si\/si\/uveljavljanje_pravic\/nova_socialna_zakonodaja\/subvencija_za_najemnine\/\">subvencija najemnine<\/a>,<\/li>\n<li><a href=\"http:\/\/www.mddsz.gov.si\/si\/uveljavljanje_pravic\/nova_socialna_zakonodaja\/pravica_do_kritja_razlike_do_polne_vrednosti_zdravstvenih_storitev\/\">pravica do kritja razlike do polne vrednosti zdravstvenih storitev<\/a>,<\/li>\n<li><a href=\"http:\/\/www.mddsz.gov.si\/si\/uveljavljanje_pravic\/nova_socialna_zakonodaja\/pravica_do_kritja_prispevkov_za_osnovno_zdravstveno_zavarovanje\/\">pravica do pla\u010dila prispevka za obvezno zdravstveno zavarovanje<\/a>.<\/li>\n<\/ul>\n<p>Vlagatelj je dol\u017ean v navedenem vrstnem redu uveljaviti denarni prejemek, do katerega je upravi\u010den, nato lahko uveljavi posamezne subvencije in zni\u017eana pla\u010dila.<\/p>\n<p>\u010ce vlagatelj ne upo\u0161teva vrstnega reda, se \u00bbizpu\u0161\u010deni\u00ab denarni prejemek vseeno upo\u0161teva v vi\u0161ini, kot da bi bil dodeljen. Za subvencije in oprostitve pla\u010dil vrstni red ne velja.<\/p>\n<p>&nbsp;<\/p>\n<p><strong>DENARNA SOCIALNA POMO\u010c<\/strong><\/p>\n<p>Denarna socialna pomo\u010d je namenjena<strong>\u00a0zadovoljevanju minimalnih \u017eivljenjskih potreb v vi\u0161ini, ki omogo\u010da pre\u017eivetje<\/strong>. Dolo\u010dena je z\u00a0<a href=\"http:\/\/www.mddsz.gov.si\/si\/zakonodaja_in_dokumenti\/veljavni_predpisi\/#c8031\"><strong>Zakonom o socialnovarstvenih prejemkih<\/strong>\u00a0(ZSVarPre)<\/a>. Uveljavite jo lahko,\u00a0<strong>\u010de dohodek na osebo ne dosega meje dohodkov<\/strong>, ki je zakonsko predpisana, in so hkrati izpolnjeni tudi drugi z zakonom dolo\u010deni pogoji.<\/p>\n<p><strong>Od 1. 1. 2016<\/strong> osnovni znesek minimalnega dohodka zna\u0161a <strong>288,81 evrov.<\/strong><\/p>\n<p>&nbsp;<\/p>\n<p><strong>Upravi\u010denci<\/strong><\/p>\n<p><strong>Denarno socialno pomo\u010d lahko pridobite,<\/strong>\u00a0<strong>\u010de bivate v Republiki Sloveniji in ste<\/strong>:<\/p>\n<ul>\n<li>dr\u017eavljan Republike Slovenije s stalnim prebivali\u0161\u010dem v Republiki Sloveniji,<\/li>\n<li>tujec z dovoljenjem za stalno prebivanje v Republiki Sloveniji in stalnim prebivali\u0161\u010dem v Republiki Sloveniji,<\/li>\n<li>oseba, ki lahko uveljavljajo denarno socialno pomo\u010d in varstveni dodatek na podlagi mednarodnih aktov, ki obvezujejo Republiko Slovenijo,<\/li>\n<\/ul>\n<p>hkrati pa nimate dovolj sredstev za pre\u017eivetje, nimate premo\u017eenja in prihrankov, ki bi vam omogo\u010dali pre\u017eivetje, in aktivno re\u0161ujete svojo socialno problematiko.<\/p>\n<p><strong>Upravi\u010denec do denarne socialne pomo\u010di<\/strong>\u00a0<strong>je tako<\/strong>:<\/p>\n<ul>\n<li>kdor si ne more pre\u017eivetja zagotovit sam z delom, s pravicami iz dela ali zavarovanjem, z dohodki iz premo\u017eenja in iz drugih virov oziroma z nadomestili ali prejemki po drugih predpisih ali s pomo\u010djo tistih, ki so ga dol\u017eni pre\u017eivljati, ali na drug na\u010din, ki ga dolo\u010da zakon,<\/li>\n<li>kdor si zase in za svoje dru\u017einske \u010dlane ne more zagotoviti sredstev v vi\u0161ini minimalnega dohodka iz razlogov, na katere ni mogel vplivati, in je uveljavil pravico do denarnih prejemkov po drugih predpisih in pravico do oprostitev in olaj\u0161av po ZUPJS.<\/li>\n<\/ul>\n<p>&nbsp;<\/p>\n<p><strong>Vi\u0161ina<\/strong><\/p>\n<div>\n<p>Denarna socialna pomo\u010d je odvisna od vi\u0161ine dohodkov, \u0161tevila dru\u017einskih \u010dlanov, premo\u017eenja, prihrankov ter zagotovljene oskrbe in morebitnega obstoja krivdnega razloga (na primer neprijavljenost pri Zavodu RS za zaposlovanje, prestajanje zaporne kazni,\u2026).<\/p>\n<p>Informativna vi\u0161ina denarne socialne pomo\u010di v letu 2016 (cenzus), je za:<\/p>\n<\/div>\n<table border=\"0\" cellspacing=\"0\" cellpadding=\"0\">\n<tbody>\n<tr>\n<td rowspan=\"2\">\n<div><span style=\"font-family: Calibri,sans-serif; font-size: small;\"><span style=\"color: #626161; font-family: Arial,sans-serif; font-size: small;\"><b>status<\/b><\/span><\/span><\/div>\n<\/td>\n<td colspan=\"2\">\n<div><span style=\"font-family: Calibri,sans-serif; font-size: small;\"><span style=\"color: #626161; font-family: Arial,sans-serif; font-size: small;\"><b>po ZSVarPre<\/b><\/span><\/span><\/div>\n<\/td>\n<\/tr>\n<tr>\n<td>\n<div><span style=\"font-family: Calibri,sans-serif; font-size: small;\"><span style=\"color: #626161; font-family: Arial,sans-serif; font-size: small;\"><b>ute\u017e<\/b><\/span><\/span><\/div>\n<\/td>\n<td>\n<div><span style=\"font-family: Calibri,sans-serif; font-size: small;\"><span style=\"color: #626161; font-family: Arial,sans-serif; font-size: small;\">\u00a0<\/span><\/span><\/div>\n<\/td>\n<td>\n<div><span style=\"font-family: Calibri,sans-serif; font-size: small;\"><span style=\"color: #626161; font-family: Arial,sans-serif; font-size: small;\"><b>znesek \u20ac*<\/b><\/span><\/span><\/div>\n<\/td>\n<\/tr>\n<tr>\n<td>\n<div><span style=\"font-family: Calibri,sans-serif; font-size: small;\"><span style=\"color: #626161; font-family: Arial,sans-serif; font-size: small;\">prvo odraslo osebo ali samsko osebo ali odraslo osebo, ki je v institucionalnem varstvu<\/span><\/span><\/div>\n<\/td>\n<td>\n<div><span style=\"font-family: Calibri,sans-serif; font-size: small;\"><span style=\"color: #626161; font-family: Arial,sans-serif; font-size: small;\">1<\/span><\/span><\/div>\n<\/td>\n<td><\/td>\n<td>\n<div><span style=\"font-family: Calibri,sans-serif; font-size: small;\"><span style=\"color: #626161; font-family: Arial,sans-serif; font-size: small;\"><b>288,81<\/b><\/span><\/span><\/div>\n<\/td>\n<\/tr>\n<tr>\n<td>\n<div><span style=\"font-family: Calibri,sans-serif; font-size: small;\"><span style=\"color: #626161; font-family: Arial,sans-serif; font-size: small;\">prvo odraslo osebo ali samsko osebo, ki je delovno aktivna v obsegu od 60 do 128 ur na mesec**<\/span><\/span><\/div>\n<\/td>\n<td>\n<div><span style=\"font-family: Calibri,sans-serif; font-size: small;\"><span style=\"color: #626161; font-family: Arial,sans-serif; font-size: small;\">1,28<\/span><\/span><\/div>\n<\/td>\n<td><\/td>\n<td>\n<div><span style=\"font-family: Calibri,sans-serif; font-size: small;\"><span style=\"color: #626161; font-family: Arial,sans-serif; font-size: small;\"><b>349,67<\/b><\/span><\/span><\/div>\n<\/td>\n<\/tr>\n<tr>\n<td>\n<div><span style=\"font-family: Calibri,sans-serif; font-size: small;\"><span style=\"color: #626161; font-family: Arial,sans-serif; font-size: small;\">prvo odraslo osebo oziroma samsko osebo, ki je delovno aktivna v obsegu ve\u010d kot 128 ur na mesec<\/span><\/span><\/div>\n<\/td>\n<td>\n<div><span style=\"font-family: Calibri,sans-serif; font-size: small;\"><span style=\"color: #626161; font-family: Arial,sans-serif; font-size: small;\">1,56<\/span><\/span><\/div>\n<\/td>\n<td><\/td>\n<td>\n<div><span style=\"font-family: Calibri,sans-serif; font-size: small;\"><span style=\"color: #626161; font-family: Arial,sans-serif; font-size: small;\"><b>450,54<\/b><\/span><\/span><\/div>\n<\/td>\n<\/tr>\n<tr>\n<td>\n<div><span style=\"font-family: Calibri,sans-serif; font-size: small;\"><span style=\"color: #626161; font-family: Arial,sans-serif; font-size: small;\">samsko osebo med dopolnjenim 18. in dopolnjenim 26. letom starosti, prijavljeno pri zavodu za zaposlovanje v evidenci brezposelnih oseb oziroma v evidenci iskalcev zaposlitve, ki ima prijavljeno stalno prebivali\u0161\u010de na istem naslovu kot star\u0161i ali dejansko prebiva z njimi ter imajo star\u0161i dovolj lastnih sredstev za pre\u017eivljanje<\/span><\/span><\/div>\n<\/td>\n<td>\n<div><span style=\"font-family: Calibri,sans-serif; font-size: small;\"><span style=\"color: #626161; font-family: Arial,sans-serif; font-size: small;\">0,7<\/span><\/span><\/div>\n<\/td>\n<td><\/td>\n<td>\n<div><span style=\"font-family: Calibri,sans-serif; font-size: small;\"><span style=\"color: #626161; font-family: Arial,sans-serif; font-size: small;\"><b>202,16<\/b><\/span><\/span><\/div>\n<\/td>\n<\/tr>\n<tr>\n<td>\n<div><span style=\"font-family: Calibri,sans-serif; font-size: small;\"><span style=\"color: #626161; font-family: Arial,sans-serif; font-size: small;\">samsko osebo, ki je trajno nezaposljiva ali trajno nezmo\u017ena za delo ali je starej\u0161a od 63 let (\u017eenska) oziroma 65 let (mo\u0161ki), ki ima prijavljeno stalno ali za\u010dasno prebivali\u0161\u010de na istem naslovu kot osebe, ki niso dru\u017einski \u010dlani po tem zakonu in imajo dovolj lastnih sredstev za pre\u017eivljanje, oziroma dejansko prebiva z njimi<\/span><\/span><\/div>\n<\/td>\n<td>\n<div><span style=\"font-family: Calibri,sans-serif; font-size: small;\"><span style=\"color: #626161; font-family: Arial,sans-serif; font-size: small;\">0,76<\/span><\/span><\/div>\n<\/td>\n<td><\/td>\n<td>\n<div><span style=\"font-family: Calibri,sans-serif; font-size: small;\"><span style=\"color: #626161; font-family: Arial,sans-serif; font-size: small;\"><b>219,50<\/b><\/span><\/span><\/div>\n<\/td>\n<\/tr>\n<tr>\n<td>\n<div><span style=\"font-family: Calibri,sans-serif; font-size: small;\"><span style=\"color: #626161; font-family: Arial,sans-serif; font-size: small;\">vsako naslednjo odraslo osebo<\/span><\/span><\/div>\n<\/td>\n<td>\n<div><span style=\"font-family: Calibri,sans-serif; font-size: small;\"><span style=\"color: #626161; font-family: Arial,sans-serif; font-size: small;\">0,57<\/span><\/span><\/div>\n<\/td>\n<td><\/td>\n<td>\n<div><span style=\"font-family: Calibri,sans-serif; font-size: small;\"><span style=\"color: #626161; font-family: Arial,sans-serif; font-size: small;\"><b>164,62<\/b><\/span><\/span><\/div>\n<\/td>\n<\/tr>\n<tr>\n<td>\n<div><span style=\"font-family: Calibri,sans-serif; font-size: small;\"><span style=\"color: #626161; font-family: Arial,sans-serif; font-size: small;\">vsako naslednjo odraslo osebo, ki je delovno aktivna v obsegu ve\u010d kot 128 ur na mesec<\/span><\/span><\/div>\n<\/td>\n<td>\n<div><span style=\"font-family: Calibri,sans-serif; font-size: small;\"><span style=\"color: #626161; font-family: Arial,sans-serif; font-size: small;\">0,85<\/span><\/span><\/div>\n<\/td>\n<td><\/td>\n<td>\n<div><span style=\"font-family: Calibri,sans-serif; font-size: small;\"><span style=\"color: #626161; font-family: Arial,sans-serif; font-size: small;\"><b>245,48<\/b><\/span><\/span><\/div>\n<\/td>\n<\/tr>\n<tr>\n<td>\n<div><span style=\"font-family: Calibri,sans-serif; font-size: small;\"><span style=\"color: #626161; font-family: Arial,sans-serif; font-size: small;\">vsako naslednjo odraslo osebo, ki je delovno aktivna v obsegu od 60 do 128 ur na mesec<\/span><\/span><\/div>\n<\/td>\n<td>\n<div><span style=\"font-family: Calibri,sans-serif; font-size: small;\"><span style=\"color: #626161; font-family: Arial,sans-serif; font-size: small;\">0,71<\/span><\/span><\/div>\n<\/td>\n<td><\/td>\n<td>\n<div><span style=\"font-family: Calibri,sans-serif; font-size: small;\"><span style=\"color: #626161; font-family: Arial,sans-serif; font-size: small;\"><b>205,05<\/b><\/span><\/span><\/div>\n<\/td>\n<\/tr>\n<tr>\n<td>\n<div><span style=\"font-family: Calibri,sans-serif; font-size: small;\"><span style=\"color: #626161; font-family: Arial,sans-serif; font-size: small;\">prvega otroka, ki je najstarej\u0161i<\/span><\/span><\/div>\n<\/td>\n<td>\n<div><span style=\"font-family: Calibri,sans-serif; font-size: small;\"><span style=\"color: #626161; font-family: Arial,sans-serif; font-size: small;\">0,76<\/span><\/span><\/div>\n<\/td>\n<td><\/td>\n<td>\n<div><span style=\"font-family: Calibri,sans-serif; font-size: small;\"><span style=\"color: #626161; font-family: Arial,sans-serif; font-size: small;\"><b>219,50<\/b><\/span><\/span><\/div>\n<\/td>\n<\/tr>\n<tr>\n<td>\n<div><span style=\"font-family: Calibri,sans-serif; font-size: small;\"><span style=\"color: #626161; font-family: Arial,sans-serif; font-size: small;\">vsakega naslednjega otroka<\/span><\/span><\/div>\n<\/td>\n<td>\n<div><span style=\"font-family: Calibri,sans-serif; font-size: small;\"><span style=\"color: #626161; font-family: Arial,sans-serif; font-size: small;\">0,66<\/span><\/span><\/div>\n<\/td>\n<td><\/td>\n<td>\n<div><span style=\"font-family: Calibri,sans-serif; font-size: small;\"><span style=\"color: #626161; font-family: Arial,sans-serif; font-size: small;\"><b>190,61<\/b><\/span><\/span><\/div>\n<\/td>\n<\/tr>\n<tr>\n<td>\n<div><span style=\"font-family: Calibri,sans-serif; font-size: small;\"><span style=\"color: #626161; font-family: Arial,sans-serif; font-size: small;\">pove\u010danje za vsakega otroka v enostar\u0161evski dru\u017eini, kadar je drugi od star\u0161ev umrl in otrok po njem ne dobiva prejemkov ali je drugi od star\u0161ev neznan ali kadar otrok po drugem od star\u0161ev prejemkov za pre\u017eivljanje dejansko ne prejema<\/span><\/span><\/div>\n<\/td>\n<td>\n<div><span style=\"font-family: Calibri,sans-serif; font-size: small;\"><span style=\"color: #626161; font-family: Arial,sans-serif; font-size: small;\">0,2<\/span><\/span><\/div>\n<\/td>\n<td><\/td>\n<td>\n<div><span style=\"font-family: Calibri,sans-serif; font-size: small;\"><span style=\"color: #626161; font-family: Arial,sans-serif; font-size: small;\"><b>57,76<\/b><\/span><\/span><\/div>\n<\/td>\n<\/tr>\n<\/tbody>\n<\/table>\n<div><span style=\"font-family: Calibri,sans-serif; font-size: small;\"><span style=\"color: #626161; font-family: Arial,sans-serif; font-size: small;\">\u00a0<\/span><\/span><\/div>\n<div><span style=\"font-family: Calibri,sans-serif; font-size: small;\"><span style=\"color: #626161; font-family: Arial,sans-serif; font-size: small;\"><b><i>*\u00a0<\/i><\/b><\/span><span style=\"color: #626161; font-family: Arial,sans-serif; font-size: small;\"><i>pri dejanskih aktualnih zneskih se upo\u0161teva osnovni znesek minimalnega dohodka, ki od 1. 1. 2016\u00a0zna\u0161a 288,81 evrov<\/i><\/span><\/span><\/div>\n<p>&nbsp;<\/p>\n<p>&nbsp;<\/p>\n<p><strong>\u010ce ima samska oseba<\/strong>\u00a0<strong>dolo\u010dena\u00a0sredstva<\/strong>, ki so ni\u017eja od zneskov, navedenih v tabeli, lahko\u00a0<strong>zna\u0161a denarna socialna pomo\u010d le razliko do vi\u0161ine, dolo\u010dene v tabeli<\/strong>.<\/p>\n<p><strong>Za dru\u017eino<\/strong>\u00a0se denarna socialna pomo\u010d dolo\u010di tako, da\u00a0<strong>se se\u0161tejejo zgoraj navedeni zneski, ki pripadajo posameznim dru\u017einskim \u010dlanom<\/strong>, nato pa se od tega\u00a0<strong>od\u0161tejejo skupni dohodki<\/strong>\u00a0posameznih dru\u017einskih \u010dlanov, \u010de jih imajo.<\/p>\n<p>&nbsp;<\/p>\n<p><strong><u>Na\u010din in obdobje upo\u0161tevanja dohodka<\/u><\/strong><br \/>\nUpo\u0161tevajo se\u00a0<strong>dohodki, prejeti v zadnjih 3 ali\u00a04-12 mesecih ali\u00a0v 13 mesecih pred mesecem vlo\u017eitve vloge<\/strong>.<\/p>\n<p>ZSVarPre\u00a0<strong>lo\u010di med razli\u010dnimi dohodki in na\u010dini njihovega upo\u0161tevanja<\/strong>\u00a0(od 20. do 23. \u010dlena ZSVarPre):<\/p>\n<ul>\n<li><strong>periodi\u010dni dohodek<\/strong>\u00a0(pla\u010de, pokojnine, pre\u017eivnine, rente, drugi dohodki \u2013 v enakih ali podobnih zneskih ali \u010dasovnih obdobjih),<\/li>\n<li><strong>ob\u010dasni dohodek<\/strong>\u00a0(dedi\u0161\u010dine, darila, od\u0161kodnine, odpravnine, nagrade in drugi dohodki, prejeti samo\u00a0enkrat, ki niso iz prilo\u017enostnega dela),<\/li>\n<li><strong>prilo\u017enostni dohodek<\/strong>\u00a0(dohodki, prejeti v zadnjih 3 mesecih pred mesecem vlo\u017eitve vloge za opravljeno delo najve\u010d 2x ali \u0161tudentsko delo).<\/li>\n<\/ul>\n<p><strong>\u00a0<\/strong><strong>Dodeljevanje denarne socialne pomo\u010di \/ trajanje pravice<\/strong><br \/>\nDenarna socialna pomo\u010d se dodeli\u00a0<strong>za dolo\u010den \u010das<\/strong>, odvisno\u00a0od okoli\u0161\u010din, ki so podlaga za dodelitev in vi\u0161ino denarne socialne pomo\u010di. Dodeli se za obdobje:<\/p>\n<ul>\n<li><strong>od 1 do 3 mesecev:<\/strong>\u00a0ko je vloga vlo\u017eena prvi\u010d,<\/li>\n<li><strong>od 1 do 6 mesecev:<\/strong>\u00a0v primeru ponovne vloge (prejemanje denarne socialne pomo\u010di brez presledkov), \u010de so okoli\u0161\u010dine, ki so podlaga za dodelitev in dolo\u010ditev vi\u0161ine denarne socialne pomo\u010di, v \u010dasu prve oziroma prej\u0161nje in ponovne odlo\u010ditve ostale nespremenjene,<\/li>\n<li><strong>za 1 leto:<\/strong>\u00a0\u010de zaradi starosti nad 63 let za \u017eenske in nad 65 let za mo\u0161ke, bolezni ali invalidnosti ali drugih okoli\u0161\u010din ni mogo\u010de pri\u010dakovati izbolj\u0161anja socialnega polo\u017eaja upravi\u010denca,<\/li>\n<li><strong>trajno:<\/strong>\u00a0za osebo, ki je trajno nezaposljiva ali trajno nezmo\u017ena za delo, ali v starosti nad 63 let za \u017eenske in nad 65 let za mo\u0161ke in ki je brez premo\u017eenja, upo\u0161tevanega po ZUPJS ali je v institucionalnem varstvu in tudi njeni\u00a0dru\u017einski \u010dlani izpolnjujejo enake\u00a0 pogoje.<\/li>\n<\/ul>\n<p>Veliko na\u0161ih \u010dlanov je prejemnikov <strong>varstvenega dodatka<\/strong>. To pravico ureja Zakon o socialno varstvenih prejemkih. Do varstvenega dodatka so upravi\u010deni posamezniki s stalnim prebivali\u0161\u010dem v Republiki Sloveniji, ki si materialne varnosti ne morejo zagotoviti zaradi okoli\u0161\u010din, na katere sami ne morejo vplivati, ker so trajno nezaposljivi ali trajno nezmo\u017eni za delo ali starej\u0161i nad 63 let (\u017eenska) oz. nad 65 let (mo\u0161ki) in niso delovno aktivni in njihov dohodek oziroma dohodek dru\u017eine ne presega cenzusa za varstveni dodatek. Pravica do varstvenega dodatka ni omejena le na prejemnike starostne in invalidske pokojnine, ampak lahko pravico do varstvenega dodatka uveljavljajo tudi osebe, ki so upravi\u010dene do denarne socialne pomo\u010di ter osebe, ki sicer presegajo cenzus za pridobitev socialne pomo\u010di, ne presegajo pa cenzusa za varstveni dodatek.<\/p>\n<p>Pravica do varstvenega dodatka je odvisna od ekonomskih razmer prosilca in drugih oseb, ki \u017eivijo z njim v skupnem gospodinjstvu. Pri ugotavljanju upravi\u010denosti do varstvenega dodatka se upo\u0161tevajo razli\u010dni dohodki in premo\u017eenje prosilca.<\/p>\n<p>Do varstvenega dodatka je upravi\u010dena samska oseba, katere mese\u010dni dohodek ne presega 470,76 EUR (t.i. cenzus). Cenzus dru\u017eine je odvisen od dohodka \u010dlanov dru\u017eine oziroma skupnega gospodinjstva ter od premo\u017eenja dru\u017eine. \u010ce ima samska oseba tudi lastni dohodek, se varstveni dodatek dolo\u010di v vi\u0161ini razlike med 470,76 evrov in lastnim dohodkom.<\/p>\n<p>Primeri vi\u0161ine cenzusa za varstveni dodatek za najbolj pogoste tipe dru\u017ein, ki bi lahko bile upravi\u010dene do varstvenega dodatka:<\/p>\n<ul>\n<li>dvo\u010dlanska dru\u017eina:\n<ul>\n<li>oba \u010dlana izpolnjujeta pogoje za varstveni dodatek: 733,57 evrov<\/li>\n<li>samo en dru\u017einski \u010dlan izpolnjuje pogoje za varstveni dodatek: 635,38 evrov<\/li>\n<\/ul>\n<\/li>\n<li>tri\u010dlanska dru\u017eina; eden od star\u0161ev izpolnjuje pogoje za varstveni dodatek, drugi je aktivni iskalec zaposlitve, otrok je star 25 let in ima status \u0161tudenta: 771,12 evrov<\/li>\n<\/ul>\n<p><strong>O pravici do varstvenega dodatka odlo\u010dajo centri za socialno delo.<\/strong><\/p>\n<p>Pravica do varstvenega dodatka je urejena z Zakonom o socialno varstvenih prejemkih in prenesena v sistem socialnega varstva, kar pomeni, da enako kot za denarno socialno pomo\u010d tudi za varstveni dodatek velja tako imenovana <strong>omejitev dedovanja. <\/strong><strong>Dedovanje premo\u017eenja zapustnika<\/strong>, ki je <strong>prejemal varstveni dodatek<\/strong> po <strong>Zakonu o socialno varstvenih prejemkih<\/strong>, se omeji do <strong>vi\u0161ine 2\/3 prejete pomo\u010di<\/strong> iz naslova varstvenega dodatka.<\/p>\n<p>V primeru, da bodo tudi dedi\u010di socialno ogro\u017eeni, jim denarnih prejemkov, ki jih je prejel zapustnik, ne bo potrebno vrniti.<\/p>\n<p>Prejemniki varstvenega dodatka, ki so lastniki nepremi\u010dnine, te v \u010dasu prejemanja varstvenega dodatka ne smejo odtujiti (prodati, podariti,\u2026) ali obremeniti (npr. s hipoteko).<\/p>\n<p>Ve\u010d informacij o uveljavljanju tudi drugih socialnih transferjev dobite na spletni strani <a href=\"http:\/\/www.mddsz.gov.si\/\">http:\/\/www.mddsz.gov.si\/<\/a> ali pri pristojnem centru za socialno delo.<\/p>\n<p>&nbsp;<\/p>\n<p>&nbsp;<\/p>\n<p>&nbsp;<\/p>\n","protected":false},"excerpt":{"rendered":"<p>1. Kako uveljavljati oprostitev pla\u010dila letnega povra\u010dila za uporabo cest? Oprostitev pla\u010dila letne dajatve se lahko uveljavi za osebna vozila z motorjem delovne prostornine bencinskega motorja do vklju\u010dno 1800 ccm in dizelskega motorja do vklju\u010dno 1900 ccm, osebna vozila z avtomatskim menjalnikom z delovno prostornino&#8230;<\/p>\n","protected":false},"author":1,"featured_media":0,"parent":0,"menu_order":0,"comment_status":"closed","ping_status":"open","template":"","meta":{"_exactmetrics_skip_tracking":false,"_exactmetrics_sitenote_active":false,"_exactmetrics_sitenote_note":"","_exactmetrics_sitenote_category":0,"footnotes":""},"class_list":["post-16223","page","type-page","status-publish","hentry"],"publishpress_future_action":{"enabled":false,"date":"2026-05-05 10:37:15","action":"change-status","newStatus":"draft","terms":[],"taxonomy":"","extraData":[]},"publishpress_future_workflow_manual_trigger":{"enabledWorkflows":[]},"_links":{"self":[{"href":"http:\/\/www.drustvo-distrofikov.si\/index.php?rest_route=\/wp\/v2\/pages\/16223","targetHints":{"allow":["GET"]}}],"collection":[{"href":"http:\/\/www.drustvo-distrofikov.si\/index.php?rest_route=\/wp\/v2\/pages"}],"about":[{"href":"http:\/\/www.drustvo-distrofikov.si\/index.php?rest_route=\/wp\/v2\/types\/page"}],"author":[{"embeddable":true,"href":"http:\/\/www.drustvo-distrofikov.si\/index.php?rest_route=\/wp\/v2\/users\/1"}],"replies":[{"embeddable":true,"href":"http:\/\/www.drustvo-distrofikov.si\/index.php?rest_route=%2Fwp%2Fv2%2Fcomments&post=16223"}],"version-history":[{"count":1,"href":"http:\/\/www.drustvo-distrofikov.si\/index.php?rest_route=\/wp\/v2\/pages\/16223\/revisions"}],"predecessor-version":[{"id":17394,"href":"http:\/\/www.drustvo-distrofikov.si\/index.php?rest_route=\/wp\/v2\/pages\/16223\/revisions\/17394"}],"wp:attachment":[{"href":"http:\/\/www.drustvo-distrofikov.si\/index.php?rest_route=%2Fwp%2Fv2%2Fmedia&parent=16223"}],"curies":[{"name":"wp","href":"https:\/\/api.w.org\/{rel}","templated":true}]}}