{"id":19990,"date":"2022-12-20T14:08:05","date_gmt":"2022-12-20T13:08:05","guid":{"rendered":"http:\/\/www.drustvo-distrofikov.si\/?page_id=19990"},"modified":"2022-12-23T10:47:30","modified_gmt":"2022-12-23T09:47:30","slug":"three-columns-grid-2","status":"publish","type":"page","link":"http:\/\/www.drustvo-distrofikov.si\/?page_id=19990","title":{"rendered":"Digitalno okno v svet MD"},"content":{"rendered":"<div class=\"wpb-content-wrapper\"><p>[vc_row css_animation=&#8221;&#8221; row_type=&#8221;row&#8221; use_row_as_full_screen_section=&#8221;no&#8221; type=&#8221;full_width&#8221; angled_section=&#8221;no&#8221; text_align=&#8221;left&#8221; background_image_as_pattern=&#8221;without_pattern&#8221; padding_top=&#8221;0&#8243;][vc_column][vc_separator type=&#8221;transparent&#8221; up=&#8221;21&#8243; down=&#8221;0&#8243;]<div class='projects_holder_outer v4 portfolio_with_space portfolio_standard'>\n    \n    <div class='filter_outer'>\n        <div class='filter_holder'>\n            <ul>\n                                    <li class='filter' data-filter='all'>                        <span >All<\/span>\n                    <\/li>\n                \n                                                <li class='filter' data-filter='portfolio_category_315'>\n                                                        <span >Digitalno okno v svet MD<\/span>\n                                    <\/li>\n            \n            <\/ul>\n        <\/div>\n    <\/div>\n\n    <div class='projects_holder portfolio_main_holder clearfix v4 standard portfolio_landscape_image '>\n        \n        <article class='mix portfolio_category_315 default' style=''>\n    \n    \n    \n                <div class='image_holder'>\n                <a itemprop='url' class='portfolio_link_for_touch' href='http:\/\/www.drustvo-distrofikov.si\/?portfolio_page=okrogla-miza-o-podpornih-tehnologijah-2-2-2-2-2-2' target='_self'>\n                    \n<span class='image'><img fetchpriority=\"high\" decoding=\"async\" width=\"800\" height=\"600\" src=\"http:\/\/www.drustvo-distrofikov.si\/wp-content\/uploads\/2023\/06\/predstavitev-zakljuckov-Erasmus-800x600.jpg\" class=\"attachment-portfolio-landscape size-portfolio-landscape wp-post-image\" alt=\"\" \/><\/span>                <\/a>\n\n                <span class='text_holder'>\n    <span class='text_outer'>\n        <span class='text_inner'>\n            <span class='feature_holder'>\n                            <span class=\"feature_holder_icons\">';\n                            <a itemprop='image' class='lightbox qbutton small white' title='Spoznanja in vtisi o Erasmus+ projektu' href='http:\/\/www.drustvo-distrofikov.si\/wp-content\/uploads\/2023\/06\/predstavitev-zakljuckov-Erasmus.jpg' data-rel='prettyPhoto[pretty_photo_gallery]'>zoom<\/a>\n    \n                            <a itemprop='url' class='preview qbutton small white' href='http:\/\/www.drustvo-distrofikov.si\/?portfolio_page=okrogla-miza-o-podpornih-tehnologijah-2-2-2-2-2-2' target='_self'>view<\/i><\/a>\n    \n                                            <\/span>\n        <\/span>\n    <\/span>\n<\/span>            <\/div>\n                <div class='portfolio_description ' >\n\n        \n    <h5 itemprop=\"name\" class=\"portfolio_title entry_title\"><a itemprop=\"url\" href=\"http:\/\/www.drustvo-distrofikov.si\/?portfolio_page=okrogla-miza-o-podpornih-tehnologijah-2-2-2-2-2-2\"  target=\"_self\"> Spoznanja in vtisi o Erasmus+ projektu<\/a><\/h5>\n\n\n        \n        \n    <\/div>\n        \n<\/article>\n<article class='mix portfolio_category_315 default' style=''>\n    \n    \n    \n                <div class='image_holder'>\n                <a itemprop='url' class='portfolio_link_for_touch' href='http:\/\/www.drustvo-distrofikov.si\/?portfolio_page=okrogla-miza-o-podpornih-tehnologijah-2-2-2-2-2' target='_self'>\n                    \n<span class='image'><img decoding=\"async\" width=\"800\" height=\"600\" src=\"http:\/\/www.drustvo-distrofikov.si\/wp-content\/uploads\/2023\/06\/naslovnica-800x600.jpg\" class=\"attachment-portfolio-landscape size-portfolio-landscape wp-post-image\" alt=\"\" srcset=\"http:\/\/www.drustvo-distrofikov.si\/wp-content\/uploads\/2023\/06\/naslovnica-800x600.jpg 800w, http:\/\/www.drustvo-distrofikov.si\/wp-content\/uploads\/2023\/06\/naslovnica-300x225.jpg 300w, http:\/\/www.drustvo-distrofikov.si\/wp-content\/uploads\/2023\/06\/naslovnica-1024x768.jpg 1024w, http:\/\/www.drustvo-distrofikov.si\/wp-content\/uploads\/2023\/06\/naslovnica-768x576.jpg 768w, http:\/\/www.drustvo-distrofikov.si\/wp-content\/uploads\/2023\/06\/naslovnica-1536x1152.jpg 1536w, http:\/\/www.drustvo-distrofikov.si\/wp-content\/uploads\/2023\/06\/naslovnica-2048x1536.jpg 2048w, http:\/\/www.drustvo-distrofikov.si\/wp-content\/uploads\/2023\/06\/naslovnica-700x525.jpg 700w\" sizes=\"(max-width: 800px) 100vw, 800px\" \/><\/span>                <\/a>\n\n                <span class='text_holder'>\n    <span class='text_outer'>\n        <span class='text_inner'>\n            <span class='feature_holder'>\n                            <span class=\"feature_holder_icons\">';\n                            <a itemprop='image' class='lightbox qbutton small white' title='Zaklju\u010dno transnacionalno sre\u010danje strokovnih delavcev in mladih iz Slovenije in Hrva\u0161ke' href='http:\/\/www.drustvo-distrofikov.si\/wp-content\/uploads\/2023\/06\/naslovnica-scaled.jpg' data-rel='prettyPhoto[pretty_photo_gallery]'>zoom<\/a>\n    \n                            <a itemprop='url' class='preview qbutton small white' href='http:\/\/www.drustvo-distrofikov.si\/?portfolio_page=okrogla-miza-o-podpornih-tehnologijah-2-2-2-2-2' target='_self'>view<\/i><\/a>\n    \n                                            <\/span>\n        <\/span>\n    <\/span>\n<\/span>            <\/div>\n                <div class='portfolio_description ' >\n\n        \n    <h5 itemprop=\"name\" class=\"portfolio_title entry_title\"><a itemprop=\"url\" href=\"http:\/\/www.drustvo-distrofikov.si\/?portfolio_page=okrogla-miza-o-podpornih-tehnologijah-2-2-2-2-2\"  target=\"_self\"> Zaklju\u010dno transnacionalno sre\u010danje strokovnih delavcev in mladih iz Slovenije in Hrva\u0161ke<\/a><\/h5>\n\n\n        \n        \n    <\/div>\n        \n<\/article>\n<article class='mix portfolio_category_315 default' style=''>\n    \n    \n    \n                <div class='image_holder'>\n                <a itemprop='url' class='portfolio_link_for_touch' href='http:\/\/www.drustvo-distrofikov.si\/?portfolio_page=okrogla-miza-o-podpornih-tehnologijah-2-2-2-2' target='_self'>\n                    \n<span class='image'><img decoding=\"async\" width=\"800\" height=\"600\" src=\"http:\/\/www.drustvo-distrofikov.si\/wp-content\/uploads\/2023\/06\/NastijaTilen-800x600.png\" class=\"attachment-portfolio-landscape size-portfolio-landscape wp-post-image\" alt=\"\" \/><\/span>                <\/a>\n\n                <span class='text_holder'>\n    <span class='text_outer'>\n        <span class='text_inner'>\n            <span class='feature_holder'>\n                            <span class=\"feature_holder_icons\">';\n                            <a itemprop='image' class='lightbox qbutton small white' title='Mladi z mi\u0161i\u010dno distrofijo in digitalna orodja' href='http:\/\/www.drustvo-distrofikov.si\/wp-content\/uploads\/2023\/06\/NastijaTilen.png' data-rel='prettyPhoto[pretty_photo_gallery]'>zoom<\/a>\n    \n                            <a itemprop='url' class='preview qbutton small white' href='http:\/\/www.drustvo-distrofikov.si\/?portfolio_page=okrogla-miza-o-podpornih-tehnologijah-2-2-2-2' target='_self'>view<\/i><\/a>\n    \n                                            <\/span>\n        <\/span>\n    <\/span>\n<\/span>            <\/div>\n                <div class='portfolio_description ' >\n\n        \n    <h5 itemprop=\"name\" class=\"portfolio_title entry_title\"><a itemprop=\"url\" href=\"http:\/\/www.drustvo-distrofikov.si\/?portfolio_page=okrogla-miza-o-podpornih-tehnologijah-2-2-2-2\"  target=\"_self\"> Mladi z mi\u0161i\u010dno distrofijo in digitalna orodja<\/a><\/h5>\n\n\n        \n        \n    <\/div>\n        \n<\/article>\n<article class='mix portfolio_category_315 default' style=''>\n    \n    \n    \n                <div class='image_holder'>\n                <a itemprop='url' class='portfolio_link_for_touch' href='http:\/\/www.drustvo-distrofikov.si\/?portfolio_page=okrogla-miza-o-podpornih-tehnologijah-2-2-2' target='_self'>\n                    \n<span class='image'><img loading=\"lazy\" decoding=\"async\" width=\"800\" height=\"600\" src=\"http:\/\/www.drustvo-distrofikov.si\/wp-content\/uploads\/2023\/06\/SLO_Erasmus-digitalni-promo-letak-AT-800x600.jpg\" class=\"attachment-portfolio-landscape size-portfolio-landscape wp-post-image\" alt=\"\" \/><\/span>                <\/a>\n\n                <span class='text_holder'>\n    <span class='text_outer'>\n        <span class='text_inner'>\n            <span class='feature_holder'>\n                            <span class=\"feature_holder_icons\">';\n                            <a itemprop='image' class='lightbox qbutton small white' title='Uporabi podporno tehnologijo \u2013 izkoristi svoj potencial' href='http:\/\/www.drustvo-distrofikov.si\/wp-content\/uploads\/2023\/06\/SLO_Erasmus-digitalni-promo-letak-AT.jpg' data-rel='prettyPhoto[pretty_photo_gallery]'>zoom<\/a>\n    \n                            <a itemprop='url' class='preview qbutton small white' href='http:\/\/www.drustvo-distrofikov.si\/?portfolio_page=okrogla-miza-o-podpornih-tehnologijah-2-2-2' target='_self'>view<\/i><\/a>\n    \n                                            <\/span>\n        <\/span>\n    <\/span>\n<\/span>            <\/div>\n                <div class='portfolio_description ' >\n\n        \n    <h5 itemprop=\"name\" class=\"portfolio_title entry_title\"><a itemprop=\"url\" href=\"http:\/\/www.drustvo-distrofikov.si\/?portfolio_page=okrogla-miza-o-podpornih-tehnologijah-2-2-2\"  target=\"_self\"> Uporabi podporno tehnologijo \u2013 izkoristi svoj potencial<\/a><\/h5>\n\n\n        \n        \n    <\/div>\n        \n<\/article>\n<article class='mix portfolio_category_315 default' style=''>\n    \n    \n    \n                <div class='image_holder'>\n                <a itemprop='url' class='portfolio_link_for_touch' href='http:\/\/www.drustvo-distrofikov.si\/?portfolio_page=okrogla-miza-o-podpornih-tehnologijah-2-2' target='_self'>\n                    \n<span class='image'><img loading=\"lazy\" decoding=\"async\" width=\"592\" height=\"600\" src=\"http:\/\/www.drustvo-distrofikov.si\/wp-content\/uploads\/2023\/06\/podporna-tehnologija_zacetna-592x600.png\" class=\"attachment-portfolio-landscape size-portfolio-landscape wp-post-image\" alt=\"\" \/><\/span>                <\/a>\n\n                <span class='text_holder'>\n    <span class='text_outer'>\n        <span class='text_inner'>\n            <span class='feature_holder'>\n                            <span class=\"feature_holder_icons\">';\n                            <a itemprop='image' class='lightbox qbutton small white' title='\u010clanek o projektu \u00bbDigitalno okno v svet MD\u00ab v reviji MA\u017d' href='http:\/\/www.drustvo-distrofikov.si\/wp-content\/uploads\/2023\/06\/podporna-tehnologija_zacetna.png' data-rel='prettyPhoto[pretty_photo_gallery]'>zoom<\/a>\n    \n                            <a itemprop='url' class='preview qbutton small white' href='http:\/\/www.drustvo-distrofikov.si\/?portfolio_page=okrogla-miza-o-podpornih-tehnologijah-2-2' target='_self'>view<\/i><\/a>\n    \n                                            <\/span>\n        <\/span>\n    <\/span>\n<\/span>            <\/div>\n                <div class='portfolio_description ' >\n\n        \n    <h5 itemprop=\"name\" class=\"portfolio_title entry_title\"><a itemprop=\"url\" href=\"http:\/\/www.drustvo-distrofikov.si\/?portfolio_page=okrogla-miza-o-podpornih-tehnologijah-2-2\"  target=\"_self\"> \u010clanek o projektu \u00bbDigitalno okno v svet MD\u00ab v reviji MA\u017d<\/a><\/h5>\n\n\n        \n        \n    <\/div>\n        \n<\/article>\n<article class='mix portfolio_category_315 default' style=''>\n    \n    \n    \n                <div class='image_holder'>\n                <a itemprop='url' class='portfolio_link_for_touch' href='http:\/\/www.drustvo-distrofikov.si\/?portfolio_page=okrogla-miza-o-podpornih-tehnologijah-2' target='_self'>\n                    \n<span class='image'><img loading=\"lazy\" decoding=\"async\" width=\"800\" height=\"600\" src=\"http:\/\/www.drustvo-distrofikov.si\/wp-content\/uploads\/2022\/12\/erazmus-slika11-800x600.jpg\" class=\"attachment-portfolio-landscape size-portfolio-landscape wp-post-image\" alt=\"\" \/><\/span>                <\/a>\n\n                <span class='text_holder'>\n    <span class='text_outer'>\n        <span class='text_inner'>\n            <span class='feature_holder'>\n                            <span class=\"feature_holder_icons\">';\n                            <a itemprop='image' class='lightbox qbutton small white' title='\u0160ov talentov' href='http:\/\/www.drustvo-distrofikov.si\/wp-content\/uploads\/2022\/12\/erazmus-slika11-scaled.jpg' data-rel='prettyPhoto[pretty_photo_gallery]'>zoom<\/a>\n    \n                            <a itemprop='url' class='preview qbutton small white' href='http:\/\/www.drustvo-distrofikov.si\/?portfolio_page=okrogla-miza-o-podpornih-tehnologijah-2' target='_self'>view<\/i><\/a>\n    \n                                            <\/span>\n        <\/span>\n    <\/span>\n<\/span>            <\/div>\n                <div class='portfolio_description ' >\n\n        \n    <h5 itemprop=\"name\" class=\"portfolio_title entry_title\"><a itemprop=\"url\" href=\"http:\/\/www.drustvo-distrofikov.si\/?portfolio_page=okrogla-miza-o-podpornih-tehnologijah-2\"  target=\"_self\"> \u0160ov talentov<\/a><\/h5>\n\n\n        \n        \n    <\/div>\n        \n<\/article>\n<article class='mix portfolio_category_315 default' style=''>\n    \n    \n    \n                <div class='image_holder'>\n                <a itemprop='url' class='portfolio_link_for_touch' href='http:\/\/www.drustvo-distrofikov.si\/?portfolio_page=okrogla-miza-o-podpornih-tehnologijah' target='_self'>\n                    \n<span class='image'><img loading=\"lazy\" decoding=\"async\" width=\"800\" height=\"600\" src=\"http:\/\/www.drustvo-distrofikov.si\/wp-content\/uploads\/2022\/12\/erazmus-slika10-800x600.png\" class=\"attachment-portfolio-landscape size-portfolio-landscape wp-post-image\" alt=\"\" \/><\/span>                <\/a>\n\n                <span class='text_holder'>\n    <span class='text_outer'>\n        <span class='text_inner'>\n            <span class='feature_holder'>\n                            <span class=\"feature_holder_icons\">';\n                            <a itemprop='image' class='lightbox qbutton small white' title='Okrogla miza o podpornih tehnologijah' href='http:\/\/www.drustvo-distrofikov.si\/wp-content\/uploads\/2022\/12\/erazmus-slika10.png' data-rel='prettyPhoto[pretty_photo_gallery]'>zoom<\/a>\n    \n                            <a itemprop='url' class='preview qbutton small white' href='http:\/\/www.drustvo-distrofikov.si\/?portfolio_page=okrogla-miza-o-podpornih-tehnologijah' target='_self'>view<\/i><\/a>\n    \n                                            <\/span>\n        <\/span>\n    <\/span>\n<\/span>            <\/div>\n                <div class='portfolio_description ' >\n\n        \n    <h5 itemprop=\"name\" class=\"portfolio_title entry_title\"><a itemprop=\"url\" href=\"http:\/\/www.drustvo-distrofikov.si\/?portfolio_page=okrogla-miza-o-podpornih-tehnologijah\"  target=\"_self\"> Okrogla miza o podpornih tehnologijah<\/a><\/h5>\n\n\n        \n        \n    <\/div>\n        \n<\/article>\n<article class='mix portfolio_category_315 default' style=''>\n    \n    \n    \n                <div class='image_holder'>\n                <a itemprop='url' class='portfolio_link_for_touch' href='http:\/\/www.drustvo-distrofikov.si\/?portfolio_page=o-projektu-digitalno-okno-v-svet-md-na-portalu-dostopno' target='_self'>\n                    \n<span class='image'><img loading=\"lazy\" decoding=\"async\" width=\"800\" height=\"600\" src=\"http:\/\/www.drustvo-distrofikov.si\/wp-content\/uploads\/2022\/12\/erazmus-slika9-800x600.png\" class=\"attachment-portfolio-landscape size-portfolio-landscape wp-post-image\" alt=\"\" \/><\/span>                <\/a>\n\n                <span class='text_holder'>\n    <span class='text_outer'>\n        <span class='text_inner'>\n            <span class='feature_holder'>\n                            <span class=\"feature_holder_icons\">';\n                            <a itemprop='image' class='lightbox qbutton small white' title='O projektu \u00bbDigitalno okno v svet MD\u00ab na portalu Dostopno' href='http:\/\/www.drustvo-distrofikov.si\/wp-content\/uploads\/2022\/12\/erazmus-slika9.png' data-rel='prettyPhoto[pretty_photo_gallery]'>zoom<\/a>\n    \n                            <a itemprop='url' class='preview qbutton small white' href='http:\/\/www.drustvo-distrofikov.si\/?portfolio_page=o-projektu-digitalno-okno-v-svet-md-na-portalu-dostopno' target='_self'>view<\/i><\/a>\n    \n                                            <\/span>\n        <\/span>\n    <\/span>\n<\/span>            <\/div>\n                <div class='portfolio_description ' >\n\n        \n    <h5 itemprop=\"name\" class=\"portfolio_title entry_title\"><a itemprop=\"url\" href=\"http:\/\/www.drustvo-distrofikov.si\/?portfolio_page=o-projektu-digitalno-okno-v-svet-md-na-portalu-dostopno\"  target=\"_self\"> O projektu \u00bbDigitalno okno v svet MD\u00ab na portalu Dostopno<\/a><\/h5>\n\n\n        \n        \n    <\/div>\n        \n<\/article>\n<article class='mix portfolio_category_315 default' style=''>\n    \n    \n    \n                <div class='image_holder'>\n                <a itemprop='url' class='portfolio_link_for_touch' href='http:\/\/www.drustvo-distrofikov.si\/?portfolio_page=clanek-o-projektu-digitalno-okno-v-svet-md-v-reviji-maz' target='_self'>\n                    \n<span class='image'><img loading=\"lazy\" decoding=\"async\" width=\"792\" height=\"600\" src=\"http:\/\/www.drustvo-distrofikov.si\/wp-content\/uploads\/2022\/12\/erazmus-slika8-792x600.png\" class=\"attachment-portfolio-landscape size-portfolio-landscape wp-post-image\" alt=\"\" srcset=\"http:\/\/www.drustvo-distrofikov.si\/wp-content\/uploads\/2022\/12\/erazmus-slika8-792x600.png 792w, http:\/\/www.drustvo-distrofikov.si\/wp-content\/uploads\/2022\/12\/erazmus-slika8-500x380.png 500w\" sizes=\"(max-width: 792px) 100vw, 792px\" \/><\/span>                <\/a>\n\n                <span class='text_holder'>\n    <span class='text_outer'>\n        <span class='text_inner'>\n            <span class='feature_holder'>\n                            <span class=\"feature_holder_icons\">';\n                            <a itemprop='image' class='lightbox qbutton small white' title='\u010clanek o projektu \u00bbDigitalno okno v svet MD\u00ab v reviji MA\u017d' href='http:\/\/www.drustvo-distrofikov.si\/wp-content\/uploads\/2022\/12\/erazmus-slika8.png' data-rel='prettyPhoto[pretty_photo_gallery]'>zoom<\/a>\n    \n                            <a itemprop='url' class='preview qbutton small white' href='http:\/\/www.drustvo-distrofikov.si\/?portfolio_page=clanek-o-projektu-digitalno-okno-v-svet-md-v-reviji-maz' target='_self'>view<\/i><\/a>\n    \n                                            <\/span>\n        <\/span>\n    <\/span>\n<\/span>            <\/div>\n                <div class='portfolio_description ' >\n\n        \n    <h5 itemprop=\"name\" class=\"portfolio_title entry_title\"><a itemprop=\"url\" href=\"http:\/\/www.drustvo-distrofikov.si\/?portfolio_page=clanek-o-projektu-digitalno-okno-v-svet-md-v-reviji-maz\"  target=\"_self\"> \u010clanek o projektu \u00bbDigitalno okno v svet MD\u00ab v reviji MA\u017d<\/a><\/h5>\n\n\n        \n        \n    <\/div>\n        \n<\/article>\n<article class='mix portfolio_category_315 default' style=''>\n    \n    \n    \n                <div class='image_holder'>\n                <a itemprop='url' class='portfolio_link_for_touch' href='http:\/\/www.drustvo-distrofikov.si\/?portfolio_page=izvedba-online-kampanje' target='_self'>\n                    \n<span class='image'><img loading=\"lazy\" decoding=\"async\" width=\"800\" height=\"600\" src=\"http:\/\/www.drustvo-distrofikov.si\/wp-content\/uploads\/2022\/12\/erazmus-slika7-800x600.png\" class=\"attachment-portfolio-landscape size-portfolio-landscape wp-post-image\" alt=\"\" \/><\/span>                <\/a>\n\n                <span class='text_holder'>\n    <span class='text_outer'>\n        <span class='text_inner'>\n            <span class='feature_holder'>\n                            <span class=\"feature_holder_icons\">';\n                            <a itemprop='image' class='lightbox qbutton small white' title='Izvedba online kampanje' href='http:\/\/www.drustvo-distrofikov.si\/wp-content\/uploads\/2022\/12\/erazmus-slika7.png' data-rel='prettyPhoto[pretty_photo_gallery]'>zoom<\/a>\n    \n                            <a itemprop='url' class='preview qbutton small white' href='http:\/\/www.drustvo-distrofikov.si\/?portfolio_page=izvedba-online-kampanje' target='_self'>view<\/i><\/a>\n    \n                                            <\/span>\n        <\/span>\n    <\/span>\n<\/span>            <\/div>\n                <div class='portfolio_description ' >\n\n        \n    <h5 itemprop=\"name\" class=\"portfolio_title entry_title\"><a itemprop=\"url\" href=\"http:\/\/www.drustvo-distrofikov.si\/?portfolio_page=izvedba-online-kampanje\"  target=\"_self\"> Izvedba online kampanje<\/a><\/h5>\n\n\n        \n        \n    <\/div>\n        \n<\/article>\n<article class='mix portfolio_category_315 default' style=''>\n    \n    \n    \n                <div class='image_holder'>\n                <a itemprop='url' class='portfolio_link_for_touch' href='http:\/\/www.drustvo-distrofikov.si\/?portfolio_page=digitalna-orodja-za-nove-metode-dela' target='_self'>\n                    \n<span class='image'><img loading=\"lazy\" decoding=\"async\" width=\"800\" height=\"600\" src=\"http:\/\/www.drustvo-distrofikov.si\/wp-content\/uploads\/2022\/12\/erazmus-slika6-800x600.png\" class=\"attachment-portfolio-landscape size-portfolio-landscape wp-post-image\" alt=\"\" \/><\/span>                <\/a>\n\n                <span class='text_holder'>\n    <span class='text_outer'>\n        <span class='text_inner'>\n            <span class='feature_holder'>\n                            <span class=\"feature_holder_icons\">';\n                            <a itemprop='image' class='lightbox qbutton small white' title='Digitalna orodja za nove metode dela' href='http:\/\/www.drustvo-distrofikov.si\/wp-content\/uploads\/2022\/12\/erazmus-slika6.png' data-rel='prettyPhoto[pretty_photo_gallery]'>zoom<\/a>\n    \n                            <a itemprop='url' class='preview qbutton small white' href='http:\/\/www.drustvo-distrofikov.si\/?portfolio_page=digitalna-orodja-za-nove-metode-dela' target='_self'>view<\/i><\/a>\n    \n                                            <\/span>\n        <\/span>\n    <\/span>\n<\/span>            <\/div>\n                <div class='portfolio_description ' >\n\n        \n    <h5 itemprop=\"name\" class=\"portfolio_title entry_title\"><a itemprop=\"url\" href=\"http:\/\/www.drustvo-distrofikov.si\/?portfolio_page=digitalna-orodja-za-nove-metode-dela\"  target=\"_self\"> Digitalna orodja za nove metode dela<\/a><\/h5>\n\n\n        \n        \n    <\/div>\n        \n<\/article>\n<article class='mix portfolio_category_315 default' style=''>\n    \n    \n    \n                <div class='image_holder'>\n                <a itemprop='url' class='portfolio_link_for_touch' href='http:\/\/www.drustvo-distrofikov.si\/?portfolio_page=drugi-transnacionalni-sestanek' target='_self'>\n                    \n<span class='image'><img loading=\"lazy\" decoding=\"async\" width=\"800\" height=\"600\" src=\"http:\/\/www.drustvo-distrofikov.si\/wp-content\/uploads\/2022\/12\/erazmus-slika5-800x600.jpg\" class=\"attachment-portfolio-landscape size-portfolio-landscape wp-post-image\" alt=\"\" srcset=\"http:\/\/www.drustvo-distrofikov.si\/wp-content\/uploads\/2022\/12\/erazmus-slika5-800x600.jpg 800w, http:\/\/www.drustvo-distrofikov.si\/wp-content\/uploads\/2022\/12\/erazmus-slika5-300x225.jpg 300w, http:\/\/www.drustvo-distrofikov.si\/wp-content\/uploads\/2022\/12\/erazmus-slika5-1024x768.jpg 1024w, http:\/\/www.drustvo-distrofikov.si\/wp-content\/uploads\/2022\/12\/erazmus-slika5-768x576.jpg 768w, http:\/\/www.drustvo-distrofikov.si\/wp-content\/uploads\/2022\/12\/erazmus-slika5-1536x1152.jpg 1536w, http:\/\/www.drustvo-distrofikov.si\/wp-content\/uploads\/2022\/12\/erazmus-slika5-2048x1536.jpg 2048w, http:\/\/www.drustvo-distrofikov.si\/wp-content\/uploads\/2022\/12\/erazmus-slika5-700x525.jpg 700w\" sizes=\"(max-width: 800px) 100vw, 800px\" \/><\/span>                <\/a>\n\n                <span class='text_holder'>\n    <span class='text_outer'>\n        <span class='text_inner'>\n            <span class='feature_holder'>\n                            <span class=\"feature_holder_icons\">';\n                            <a itemprop='image' class='lightbox qbutton small white' title='Drugi transnacionalni sestanek' href='http:\/\/www.drustvo-distrofikov.si\/wp-content\/uploads\/2022\/12\/erazmus-slika5-scaled.jpg' data-rel='prettyPhoto[pretty_photo_gallery]'>zoom<\/a>\n    \n                            <a itemprop='url' class='preview qbutton small white' href='http:\/\/www.drustvo-distrofikov.si\/?portfolio_page=drugi-transnacionalni-sestanek' target='_self'>view<\/i><\/a>\n    \n                                            <\/span>\n        <\/span>\n    <\/span>\n<\/span>            <\/div>\n                <div class='portfolio_description ' >\n\n        \n    <h5 itemprop=\"name\" class=\"portfolio_title entry_title\"><a itemprop=\"url\" href=\"http:\/\/www.drustvo-distrofikov.si\/?portfolio_page=drugi-transnacionalni-sestanek\"  target=\"_self\"> Drugi transnacionalni sestanek<\/a><\/h5>\n\n\n        \n        \n    <\/div>\n        \n<\/article>\n<article class='mix portfolio_category_315 default' style=''>\n    \n    \n    \n                <div class='image_holder'>\n                <a itemprop='url' class='portfolio_link_for_touch' href='http:\/\/www.drustvo-distrofikov.si\/?portfolio_page=osebna-izkaznica-potenciala-tipi-inteligence-in-dimenzije-osebnosti' target='_self'>\n                    \n<span class='image'><img loading=\"lazy\" decoding=\"async\" width=\"800\" height=\"600\" src=\"http:\/\/www.drustvo-distrofikov.si\/wp-content\/uploads\/2022\/03\/erazmus-slika4-800x600.png\" class=\"attachment-portfolio-landscape size-portfolio-landscape wp-post-image\" alt=\"\" \/><\/span>                <\/a>\n\n                <span class='text_holder'>\n    <span class='text_outer'>\n        <span class='text_inner'>\n            <span class='feature_holder'>\n                            <span class=\"feature_holder_icons\">';\n                            <a itemprop='image' class='lightbox qbutton small white' title='Osebna izkaznica potenciala: Tipi inteligence in dimenzije osebnosti' href='http:\/\/www.drustvo-distrofikov.si\/wp-content\/uploads\/2022\/03\/erazmus-slika4.png' data-rel='prettyPhoto[pretty_photo_gallery]'>zoom<\/a>\n    \n                            <a itemprop='url' class='preview qbutton small white' href='http:\/\/www.drustvo-distrofikov.si\/?portfolio_page=osebna-izkaznica-potenciala-tipi-inteligence-in-dimenzije-osebnosti' target='_self'>view<\/i><\/a>\n    \n                                            <\/span>\n        <\/span>\n    <\/span>\n<\/span>            <\/div>\n                <div class='portfolio_description ' >\n\n        \n    <h5 itemprop=\"name\" class=\"portfolio_title entry_title\"><a itemprop=\"url\" href=\"http:\/\/www.drustvo-distrofikov.si\/?portfolio_page=osebna-izkaznica-potenciala-tipi-inteligence-in-dimenzije-osebnosti\"  target=\"_self\"> Osebna izkaznica potenciala: Tipi inteligence in dimenzije osebnosti<\/a><\/h5>\n\n\n        \n        \n    <\/div>\n        \n<\/article>\n<article class='mix portfolio_category_315 default' style=''>\n    \n    \n    \n                <div class='image_holder'>\n                <a itemprop='url' class='portfolio_link_for_touch' href='http:\/\/www.drustvo-distrofikov.si\/?portfolio_page=prvi-transnacionalni-sestanek-in-nadaljevanje-izobrazevanja-osebna-izkaznica-potenciala' target='_self'>\n                    \n<span class='image'><img loading=\"lazy\" decoding=\"async\" width=\"800\" height=\"600\" src=\"http:\/\/www.drustvo-distrofikov.si\/wp-content\/uploads\/2022\/12\/erazmus-slika3-800x600.jpg\" class=\"attachment-portfolio-landscape size-portfolio-landscape wp-post-image\" alt=\"\" \/><\/span>                <\/a>\n\n                <span class='text_holder'>\n    <span class='text_outer'>\n        <span class='text_inner'>\n            <span class='feature_holder'>\n                            <span class=\"feature_holder_icons\">';\n                            <a itemprop='image' class='lightbox qbutton small white' title='Prvi transnacionalni sestanek in nadaljevanje izobra\u017eevanja Osebna izkaznica potenciala' href='http:\/\/www.drustvo-distrofikov.si\/wp-content\/uploads\/2022\/12\/erazmus-slika3.jpg' data-rel='prettyPhoto[pretty_photo_gallery]'>zoom<\/a>\n    \n                            <a itemprop='url' class='preview qbutton small white' href='http:\/\/www.drustvo-distrofikov.si\/?portfolio_page=prvi-transnacionalni-sestanek-in-nadaljevanje-izobrazevanja-osebna-izkaznica-potenciala' target='_self'>view<\/i><\/a>\n    \n                                            <\/span>\n        <\/span>\n    <\/span>\n<\/span>            <\/div>\n                <div class='portfolio_description ' >\n\n        \n    <h5 itemprop=\"name\" class=\"portfolio_title entry_title\"><a itemprop=\"url\" href=\"http:\/\/www.drustvo-distrofikov.si\/?portfolio_page=prvi-transnacionalni-sestanek-in-nadaljevanje-izobrazevanja-osebna-izkaznica-potenciala\"  target=\"_self\"> Prvi transnacionalni sestanek in nadaljevanje izobra\u017eevanja Osebna izkaznica potenciala<\/a><\/h5>\n\n\n        \n        \n    <\/div>\n        \n<\/article>\n<article class='mix portfolio_category_315 default' style=''>\n    \n    \n    \n                <div class='image_holder'>\n                <a itemprop='url' class='portfolio_link_for_touch' href='http:\/\/www.drustvo-distrofikov.si\/?portfolio_page=osebna-izkaznica-potenciala-online-program' target='_self'>\n                    \n<span class='image'><img loading=\"lazy\" decoding=\"async\" width=\"800\" height=\"600\" src=\"http:\/\/www.drustvo-distrofikov.si\/wp-content\/uploads\/2022\/02\/1modul-1-800x600.jpg\" class=\"attachment-portfolio-landscape size-portfolio-landscape wp-post-image\" alt=\"\" srcset=\"http:\/\/www.drustvo-distrofikov.si\/wp-content\/uploads\/2022\/02\/1modul-1-800x600.jpg 800w, http:\/\/www.drustvo-distrofikov.si\/wp-content\/uploads\/2022\/02\/1modul-1-300x225.jpg 300w, http:\/\/www.drustvo-distrofikov.si\/wp-content\/uploads\/2022\/02\/1modul-1-1024x768.jpg 1024w, http:\/\/www.drustvo-distrofikov.si\/wp-content\/uploads\/2022\/02\/1modul-1-768x576.jpg 768w, http:\/\/www.drustvo-distrofikov.si\/wp-content\/uploads\/2022\/02\/1modul-1-1536x1152.jpg 1536w, http:\/\/www.drustvo-distrofikov.si\/wp-content\/uploads\/2022\/02\/1modul-1-2048x1536.jpg 2048w, http:\/\/www.drustvo-distrofikov.si\/wp-content\/uploads\/2022\/02\/1modul-1-700x525.jpg 700w\" sizes=\"(max-width: 800px) 100vw, 800px\" \/><\/span>                <\/a>\n\n                <span class='text_holder'>\n    <span class='text_outer'>\n        <span class='text_inner'>\n            <span class='feature_holder'>\n                            <span class=\"feature_holder_icons\">';\n                            <a itemprop='image' class='lightbox qbutton small white' title='Osebna izkaznica potenciala (online program)' href='http:\/\/www.drustvo-distrofikov.si\/wp-content\/uploads\/2022\/02\/1modul-1-scaled.jpg' data-rel='prettyPhoto[pretty_photo_gallery]'>zoom<\/a>\n    \n                            <a itemprop='url' class='preview qbutton small white' href='http:\/\/www.drustvo-distrofikov.si\/?portfolio_page=osebna-izkaznica-potenciala-online-program' target='_self'>view<\/i><\/a>\n    \n                                            <\/span>\n        <\/span>\n    <\/span>\n<\/span>            <\/div>\n                <div class='portfolio_description ' >\n\n        \n    <h5 itemprop=\"name\" class=\"portfolio_title entry_title\"><a itemprop=\"url\" href=\"http:\/\/www.drustvo-distrofikov.si\/?portfolio_page=osebna-izkaznica-potenciala-online-program\"  target=\"_self\"> Osebna izkaznica potenciala (online program)<\/a><\/h5>\n\n\n        \n        \n    <\/div>\n        \n<\/article>\n<article class='mix portfolio_category_315 default' style=''>\n    \n    \n    \n                <div class='image_holder'>\n                <a itemprop='url' class='portfolio_link_for_touch' href='http:\/\/www.drustvo-distrofikov.si\/?portfolio_page=zacetni-sestanek-projekta-digitalno-okno-v-svet-md' target='_self'>\n                    \n<span class='image'><img loading=\"lazy\" decoding=\"async\" width=\"800\" height=\"600\" src=\"http:\/\/www.drustvo-distrofikov.si\/wp-content\/uploads\/2022\/12\/erazmus-letak-800x600.png\" class=\"attachment-portfolio-landscape size-portfolio-landscape wp-post-image\" alt=\"\" \/><\/span>                <\/a>\n\n                <span class='text_holder'>\n    <span class='text_outer'>\n        <span class='text_inner'>\n            <span class='feature_holder'>\n                            <span class=\"feature_holder_icons\">';\n                            <a itemprop='image' class='lightbox qbutton small white' title='Za\u010detni sestanek projekta &#8220;Digitalno okno v svet MD&#8221;' href='http:\/\/www.drustvo-distrofikov.si\/wp-content\/uploads\/2022\/12\/erazmus-letak.png' data-rel='prettyPhoto[pretty_photo_gallery]'>zoom<\/a>\n    \n                            <a itemprop='url' class='preview qbutton small white' href='http:\/\/www.drustvo-distrofikov.si\/?portfolio_page=zacetni-sestanek-projekta-digitalno-okno-v-svet-md' target='_self'>view<\/i><\/a>\n    \n                                            <\/span>\n        <\/span>\n    <\/span>\n<\/span>            <\/div>\n                <div class='portfolio_description ' >\n\n        \n    <h5 itemprop=\"name\" class=\"portfolio_title entry_title\"><a itemprop=\"url\" href=\"http:\/\/www.drustvo-distrofikov.si\/?portfolio_page=zacetni-sestanek-projekta-digitalno-okno-v-svet-md\"  target=\"_self\"> Za\u010detni sestanek projekta &#8220;Digitalno okno v svet MD&#8221;<\/a><\/h5>\n\n\n        \n        \n    <\/div>\n        \n<\/article>\n<article class='mix portfolio_category_315 default' style=''>\n    \n    \n    \n                <div class='image_holder'>\n                <a itemprop='url' class='portfolio_link_for_touch' href='http:\/\/www.drustvo-distrofikov.si\/?portfolio_page=podpis-sporazuma-digitalno-okno-v-md' target='_self'>\n                    \n<span class='image'><img loading=\"lazy\" decoding=\"async\" width=\"400\" height=\"200\" src=\"http:\/\/www.drustvo-distrofikov.si\/wp-content\/uploads\/2022\/02\/sporazum_001.jpg\" class=\"attachment-portfolio-landscape size-portfolio-landscape wp-post-image\" alt=\"\" srcset=\"http:\/\/www.drustvo-distrofikov.si\/wp-content\/uploads\/2022\/02\/sporazum_001.jpg 400w, http:\/\/www.drustvo-distrofikov.si\/wp-content\/uploads\/2022\/02\/sporazum_001-300x150.jpg 300w\" sizes=\"(max-width: 400px) 100vw, 400px\" \/><\/span>                <\/a>\n\n                <span class='text_holder'>\n    <span class='text_outer'>\n        <span class='text_inner'>\n            <span class='feature_holder'>\n                            <span class=\"feature_holder_icons\">';\n                            <a itemprop='image' class='lightbox qbutton small white' title='Podpis Sporazuma o partnerstvu pri izvedbi projekta &#8220;Digitalno okno v MD&#8221;' href='http:\/\/www.drustvo-distrofikov.si\/wp-content\/uploads\/2022\/02\/sporazum_001.jpg' data-rel='prettyPhoto[pretty_photo_gallery]'>zoom<\/a>\n    \n                            <a itemprop='url' class='preview qbutton small white' href='http:\/\/www.drustvo-distrofikov.si\/?portfolio_page=podpis-sporazuma-digitalno-okno-v-md' target='_self'>view<\/i><\/a>\n    \n                                            <\/span>\n        <\/span>\n    <\/span>\n<\/span>            <\/div>\n                <div class='portfolio_description ' >\n\n        \n    <h5 itemprop=\"name\" class=\"portfolio_title entry_title\"><a itemprop=\"url\" href=\"http:\/\/www.drustvo-distrofikov.si\/?portfolio_page=podpis-sporazuma-digitalno-okno-v-md\"  target=\"_self\"> Podpis Sporazuma o partnerstvu pri izvedbi projekta &#8220;Digitalno okno v MD&#8221;<\/a><\/h5>\n\n\n        \n        \n    <\/div>\n        \n<\/article>\n<article class='mix portfolio_category_315 default' style=''>\n    \n    \n    \n                <div class='image_holder'>\n                <a itemprop='url' class='portfolio_link_for_touch' href='http:\/\/www.drustvo-distrofikov.si\/?portfolio_page=digitalno-okno-v-svet-md' target='_self'>\n                    \n<span class='image'><img loading=\"lazy\" decoding=\"async\" width=\"800\" height=\"600\" src=\"http:\/\/www.drustvo-distrofikov.si\/wp-content\/uploads\/2021\/12\/logo_projekta_page-t7-800x600.jpg\" class=\"attachment-portfolio-landscape size-portfolio-landscape wp-post-image\" alt=\"\" \/><\/span>                <\/a>\n\n                <span class='text_holder'>\n    <span class='text_outer'>\n        <span class='text_inner'>\n            <span class='feature_holder'>\n                            <span class=\"feature_holder_icons\">';\n                            <a itemprop='image' class='lightbox qbutton small white' title='Digitalno okno v svet MD (A virtual window into the MD world)' href='http:\/\/www.drustvo-distrofikov.si\/wp-content\/uploads\/2021\/12\/logo_projekta_page-t7.jpg' data-rel='prettyPhoto[pretty_photo_gallery]'>zoom<\/a>\n    \n                            <a itemprop='url' class='preview qbutton small white' href='http:\/\/www.drustvo-distrofikov.si\/?portfolio_page=digitalno-okno-v-svet-md' target='_self'>view<\/i><\/a>\n    \n                                            <\/span>\n        <\/span>\n    <\/span>\n<\/span>            <\/div>\n                <div class='portfolio_description ' >\n\n        \n    <h5 itemprop=\"name\" class=\"portfolio_title entry_title\"><a itemprop=\"url\" href=\"http:\/\/www.drustvo-distrofikov.si\/?portfolio_page=digitalno-okno-v-svet-md\"  target=\"_self\"> Digitalno okno v svet MD (A virtual window into the MD world)<\/a><\/h5>\n\n\n        \n        \n    <\/div>\n        \n<\/article>\n        <div class='filler'><\/div>\n            <div class='filler'><\/div>\n            <div class='filler'><\/div>\n            <div class='filler'><\/div>\n        <\/div>\n\n    \n    <\/div>[vc_separator type=&#8221;transparent&#8221; up=&#8221;20&#8243; down=&#8221;20&#8243;][vc_separator type=&#8221;normal&#8221; color=&#8221;#dd9933&#8243;][qode_clients columns=&#8221;four_columns&#8221; hover_effect=&#8221;default&#8221; disable_separators=&#8221;&#8221;][qode_client image=&#8221;20052&#8243;][qode_client link_target=&#8221;_blank&#8221; image=&#8221;20057&#8243; link=&#8221;https:\/\/www.sddh.hr\/&#8221;][qode_client image=&#8221;20054&#8243;][qode_client link_target=&#8221;_blank&#8221; image=&#8221;20055&#8243; link=&#8221;https:\/\/en.ampeu.hr\/&#8221;][\/qode_clients][\/vc_column][\/vc_row][vc_row css_animation=&#8221;&#8221; row_type=&#8221;row&#8221; use_row_as_full_screen_section=&#8221;no&#8221; type=&#8221;full_width&#8221; angled_section=&#8221;no&#8221; text_align=&#8221;left&#8221; background_image_as_pattern=&#8221;without_pattern&#8221;][vc_column][vc_separator type=&#8221;normal&#8221; color=&#8221;#dd9933&#8243;][vc_column_text]<em><strong>Projekt sofinancira Evropska unija. Izra\u017eena stali\u0161\u010da in mnenja na tej spletni strani so zgolj stali\u0161\u010da in mnenja avtorja(-ev) in ni nujno, da odra\u017eajo stali\u0161\u010da in mnenja Evropske unije, zato Evropska unija zanje ne more biti odgovorna.<\/strong><\/em>[\/vc_column_text][vc_separator type=&#8221;transparent&#8221;][\/vc_column][\/vc_row]<\/p>\n<\/div>","protected":false},"excerpt":{"rendered":"<p>[vc_row css_animation=&#8221;&#8221; row_type=&#8221;row&#8221; use_row_as_full_screen_section=&#8221;no&#8221; type=&#8221;full_width&#8221; angled_section=&#8221;no&#8221; text_align=&#8221;left&#8221; background_image_as_pattern=&#8221;without_pattern&#8221; padding_top=&#8221;0&#8243;][vc_column][vc_separator type=&#8221;transparent&#8221; up=&#8221;21&#8243; down=&#8221;0&#8243;][vc_separator type=&#8221;transparent&#8221; up=&#8221;20&#8243; down=&#8221;20&#8243;][vc_separator type=&#8221;normal&#8221; color=&#8221;#dd9933&#8243;][qode_clients columns=&#8221;four_columns&#8221; hover_effect=&#8221;default&#8221; disable_separators=&#8221;&#8221;][qode_client image=&#8221;20052&#8243;][qode_client link_target=&#8221;_blank&#8221; image=&#8221;20057&#8243; link=&#8221;https:\/\/www.sddh.hr\/&#8221;][qode_client image=&#8221;20054&#8243;][qode_client link_target=&#8221;_blank&#8221; image=&#8221;20055&#8243; link=&#8221;https:\/\/en.ampeu.hr\/&#8221;][\/qode_clients][\/vc_column][\/vc_row][vc_row css_animation=&#8221;&#8221; row_type=&#8221;row&#8221; use_row_as_full_screen_section=&#8221;no&#8221; type=&#8221;full_width&#8221; angled_section=&#8221;no&#8221; text_align=&#8221;left&#8221; background_image_as_pattern=&#8221;without_pattern&#8221;][vc_column][vc_separator type=&#8221;normal&#8221; color=&#8221;#dd9933&#8243;][vc_column_text]Projekt sofinancira Evropska unija. Izra\u017eena stali\u0161\u010da in mnenja na&#8230;<\/p>\n","protected":false},"author":1,"featured_media":0,"parent":5990,"menu_order":0,"comment_status":"open","ping_status":"open","template":"","meta":{"_exactmetrics_skip_tracking":false,"_exactmetrics_sitenote_active":false,"_exactmetrics_sitenote_note":"","_exactmetrics_sitenote_category":0,"footnotes":""},"class_list":["post-19990","page","type-page","status-publish","hentry"],"publishpress_future_action":{"enabled":false,"date":"2026-05-07 22:41:15","action":"change-status","newStatus":"draft","terms":[],"taxonomy":"","extraData":[]},"publishpress_future_workflow_manual_trigger":{"enabledWorkflows":[]},"_links":{"self":[{"href":"http:\/\/www.drustvo-distrofikov.si\/index.php?rest_route=\/wp\/v2\/pages\/19990","targetHints":{"allow":["GET"]}}],"collection":[{"href":"http:\/\/www.drustvo-distrofikov.si\/index.php?rest_route=\/wp\/v2\/pages"}],"about":[{"href":"http:\/\/www.drustvo-distrofikov.si\/index.php?rest_route=\/wp\/v2\/types\/page"}],"author":[{"embeddable":true,"href":"http:\/\/www.drustvo-distrofikov.si\/index.php?rest_route=\/wp\/v2\/users\/1"}],"replies":[{"embeddable":true,"href":"http:\/\/www.drustvo-distrofikov.si\/index.php?rest_route=%2Fwp%2Fv2%2Fcomments&post=19990"}],"version-history":[{"count":22,"href":"http:\/\/www.drustvo-distrofikov.si\/index.php?rest_route=\/wp\/v2\/pages\/19990\/revisions"}],"predecessor-version":[{"id":20069,"href":"http:\/\/www.drustvo-distrofikov.si\/index.php?rest_route=\/wp\/v2\/pages\/19990\/revisions\/20069"}],"up":[{"embeddable":true,"href":"http:\/\/www.drustvo-distrofikov.si\/index.php?rest_route=\/wp\/v2\/pages\/5990"}],"wp:attachment":[{"href":"http:\/\/www.drustvo-distrofikov.si\/index.php?rest_route=%2Fwp%2Fv2%2Fmedia&parent=19990"}],"curies":[{"name":"wp","href":"https:\/\/api.w.org\/{rel}","templated":true}]}}